{"id":329,"date":"2021-12-18T20:13:13","date_gmt":"2021-12-18T19:13:13","guid":{"rendered":"http:\/\/lesamisdelahume.fr\/?page_id=329"},"modified":"2025-03-23T17:23:26","modified_gmt":"2025-03-23T16:23:26","slug":"2022-2","status":"publish","type":"page","link":"https:\/\/lesamisdelahume.fr\/index.php\/2022-2\/","title":{"rendered":"Entre nous &#8211; 2022"},"content":{"rendered":"\n<p><strong>Sortie Cabaret au Diamant Rose \u00e0 Bordeaux en f\u00e9vrier 2022<\/strong><\/p>\n\n\n\n<p>Sortie Cabaret au Diamant Rose, \u00e0 Bordeaux.<\/p>\n\n\n\n<p>Soir\u00e9e festive des Amis de la Hume entre nous.<\/p>\n\n\n\n<div class=\"wp-block-jetpack-slideshow aligncenter\" data-effect=\"slide\"><div class=\"wp-block-jetpack-slideshow_container swiper-container\"><ul class=\"wp-block-jetpack-slideshow_swiper-wrapper swiper-wrapper\"><li class=\"wp-block-jetpack-slideshow_slide swiper-slide\"><figure><img loading=\"lazy\" decoding=\"async\" width=\"960\" height=\"720\" alt=\"\" class=\"wp-block-jetpack-slideshow_image wp-image-359\" data-id=\"359\" src=\"http:\/\/lesamisdelahume.fr\/wp-content\/uploads\/2022\/03\/Resized_Resized_20220220_005449001.jpg\" srcset=\"https:\/\/lesamisdelahume.fr\/wp-content\/uploads\/2022\/03\/Resized_Resized_20220220_005449001.jpg 960w, https:\/\/lesamisdelahume.fr\/wp-content\/uploads\/2022\/03\/Resized_Resized_20220220_005449001-300x225.jpg 300w, https:\/\/lesamisdelahume.fr\/wp-content\/uploads\/2022\/03\/Resized_Resized_20220220_005449001-768x576.jpg 768w\" sizes=\"auto, (max-width: 767px) 89vw, (max-width: 1000px) 54vw, (max-width: 1071px) 543px, 580px\" \/><\/figure><\/li><li class=\"wp-block-jetpack-slideshow_slide swiper-slide\"><figure><img loading=\"lazy\" decoding=\"async\" width=\"628\" height=\"1024\" alt=\"\" class=\"wp-block-jetpack-slideshow_image wp-image-360\" data-id=\"360\" src=\"http:\/\/lesamisdelahume.fr\/wp-content\/uploads\/2022\/03\/image0000001004-628x1024.jpg\" srcset=\"https:\/\/lesamisdelahume.fr\/wp-content\/uploads\/2022\/03\/image0000001004-628x1024.jpg 628w, https:\/\/lesamisdelahume.fr\/wp-content\/uploads\/2022\/03\/image0000001004-184x300.jpg 184w, https:\/\/lesamisdelahume.fr\/wp-content\/uploads\/2022\/03\/image0000001004-768x1252.jpg 768w, https:\/\/lesamisdelahume.fr\/wp-content\/uploads\/2022\/03\/image0000001004-942x1536.jpg 942w, https:\/\/lesamisdelahume.fr\/wp-content\/uploads\/2022\/03\/image0000001004-1256x2048.jpg 1256w, https:\/\/lesamisdelahume.fr\/wp-content\/uploads\/2022\/03\/image0000001004.jpg 1512w\" sizes=\"auto, (max-width: 628px) 100vw, 628px\" \/><\/figure><\/li><\/ul><a class=\"wp-block-jetpack-slideshow_button-prev swiper-button-prev swiper-button-white\" role=\"button\"><\/a><a class=\"wp-block-jetpack-slideshow_button-next swiper-button-next swiper-button-white\" role=\"button\"><\/a><a aria-label=\"Pause Slideshow\" class=\"wp-block-jetpack-slideshow_button-pause\" role=\"button\"><\/a><div class=\"wp-block-jetpack-slideshow_pagination swiper-pagination swiper-pagination-white\"><\/div><\/div><\/div>\n\n\n\n<div class=\"wp-block-buttons is-layout-flex wp-block-buttons-is-layout-flex\">\n<div class=\"wp-block-button is-style-outline is-style-outline--1\"><a class=\"wp-block-button__link wp-element-button\" href=\"https:\/\/drive.google.com\/drive\/folders\/1W5SrzGPMN2yYBTh5ABKbP-4LMzjmnXfk?usp=sharing\" target=\"_blank\" rel=\"noreferrer noopener\">Cliquez ici pour voir les vid\u00e9os<\/a><\/div>\n<\/div>\n\n\n\n<h2 class=\"wp-block-heading\"><\/h2>\n\n\n\n<hr class=\"wp-block-separator has-css-opacity\"\/>\n\n\n\n<h2 class=\"wp-block-heading\"><\/h2>\n\n\n\n<p><strong>Balade au Pays Basque et en Navarre du 1er Avril au 3 Avril 2022<\/strong><\/p>\n\n\n\n<p>Notre groupe est parti visiter la grotte de Sare, la cit\u00e9 m\u00e9di\u00e8vale d&rsquo;Olite (Espagne) et la villa Arnaga \u00e0 Cambo les Bains&#8230;<\/p>\n\n\n\n<p>3 jours de bonne humeur touristique<\/p>\n\n\n\n<div class=\"wp-block-buttons is-layout-flex wp-block-buttons-is-layout-flex\">\n<div class=\"wp-block-button is-style-outline is-style-outline--2\"><a class=\"wp-block-button__link wp-element-button\" href=\"https:\/\/drive.google.com\/drive\/folders\/1m_MrCV4FK3TJnU7H1YrY76wD-4BTogx1?usp=sharing\" target=\"_blank\" rel=\"noreferrer noopener\">Cliquez ici pour voir les photos<\/a><\/div>\n<\/div>\n\n\n\n<p><\/p>\n\n\n\n<hr class=\"wp-block-separator has-css-opacity\"\/>\n\n\n\n<h3 class=\"wp-block-heading\"><strong>Sortie aux Bassins des Lumi\u00e8res \u00e0 Bordeaux le samedi 8 octobre 2022<\/strong><\/h3>\n\n\n\n<p><\/p>\n\n\n\n<figure class=\"wp-block-image size-large\"><img loading=\"lazy\" decoding=\"async\" width=\"1024\" height=\"768\" src=\"http:\/\/lesamisdelahume.fr\/wp-content\/uploads\/2022\/10\/20221008_1459274-1024x768.jpg\" alt=\"\" class=\"wp-image-489\" srcset=\"https:\/\/lesamisdelahume.fr\/wp-content\/uploads\/2022\/10\/20221008_1459274-1024x768.jpg 1024w, https:\/\/lesamisdelahume.fr\/wp-content\/uploads\/2022\/10\/20221008_1459274-300x225.jpg 300w, https:\/\/lesamisdelahume.fr\/wp-content\/uploads\/2022\/10\/20221008_1459274-768x576.jpg 768w, https:\/\/lesamisdelahume.fr\/wp-content\/uploads\/2022\/10\/20221008_1459274-1536x1152.jpg 1536w, https:\/\/lesamisdelahume.fr\/wp-content\/uploads\/2022\/10\/20221008_1459274-2048x1536.jpg 2048w\" sizes=\"auto, (max-width: 767px) 89vw, (max-width: 1000px) 54vw, (max-width: 1071px) 543px, 580px\" \/><\/figure>\n\n\n\n<div class=\"wp-block-buttons is-layout-flex wp-block-buttons-is-layout-flex\">\n<div class=\"wp-block-button aligncenter is-style-outline is-style-outline--3\"><a class=\"wp-block-button__link wp-element-button\" href=\"https:\/\/drive.google.com\/file\/d\/1mUZls-GdHCenSTGIw8yXAyzPXXDYvkJK\/view?usp=sharing\" target=\"_blank\" rel=\"noreferrer noopener\">Cliquez ici pour voir la vid\u00e9o<\/a><\/div>\n<\/div>\n\n\n\n<p><\/p>\n\n\n\n<p>Les Amis de la Hume en sortie aux Bassins des lumi\u00e8res \u00e0 Bordeaux, suivi d&rsquo;un petit repas .<\/p>\n\n\n\n<p><\/p>\n\n\n\n<p>Belle journ\u00e9e du Samedi 8 Octobre 2022.<\/p>\n\n\n\n<p><\/p>\n\n\n\n<hr class=\"wp-block-separator has-alpha-channel-opacity\"\/>\n\n\n\n<h3 class=\"wp-block-heading\"><strong>Sortie au cabaret le San Sabastien \u00e0 Couqu\u00e8ques le dimanche 20 novembre 2022<\/strong><\/h3>\n\n\n\n<p><\/p>\n\n\n\n<p>Voici les photos de notre sortie du dimanche 20 novembre au cabaret le San Sabastien \u00e0 Couqu\u00e8ques.<\/p>\n\n\n\n<figure class=\"wp-block-gallery has-nested-images columns-default is-cropped wp-block-gallery-4 is-layout-flex wp-block-gallery-is-layout-flex\">\n<figure class=\"wp-block-image size-large\"><img loading=\"lazy\" decoding=\"async\" width=\"768\" height=\"1024\" data-id=\"523\" src=\"http:\/\/lesamisdelahume.fr\/wp-content\/uploads\/2022\/12\/20221121_1420161-768x1024.jpg\" alt=\"\" class=\"wp-image-523\" srcset=\"https:\/\/lesamisdelahume.fr\/wp-content\/uploads\/2022\/12\/20221121_1420161-768x1024.jpg 768w, https:\/\/lesamisdelahume.fr\/wp-content\/uploads\/2022\/12\/20221121_1420161-225x300.jpg 225w, https:\/\/lesamisdelahume.fr\/wp-content\/uploads\/2022\/12\/20221121_1420161-1152x1536.jpg 1152w, https:\/\/lesamisdelahume.fr\/wp-content\/uploads\/2022\/12\/20221121_1420161-1536x2048.jpg 1536w, https:\/\/lesamisdelahume.fr\/wp-content\/uploads\/2022\/12\/20221121_1420161-scaled.jpg 1920w\" sizes=\"auto, (max-width: 767px) 89vw, (max-width: 1000px) 54vw, (max-width: 1071px) 543px, 580px\" \/><\/figure>\n\n\n\n<figure class=\"wp-block-image size-large\"><img loading=\"lazy\" decoding=\"async\" width=\"1024\" height=\"768\" data-id=\"522\" src=\"http:\/\/lesamisdelahume.fr\/wp-content\/uploads\/2022\/12\/20221120_1220121-1024x768.jpg\" alt=\"\" class=\"wp-image-522\" srcset=\"https:\/\/lesamisdelahume.fr\/wp-content\/uploads\/2022\/12\/20221120_1220121-1024x768.jpg 1024w, https:\/\/lesamisdelahume.fr\/wp-content\/uploads\/2022\/12\/20221120_1220121-300x225.jpg 300w, https:\/\/lesamisdelahume.fr\/wp-content\/uploads\/2022\/12\/20221120_1220121-768x576.jpg 768w, https:\/\/lesamisdelahume.fr\/wp-content\/uploads\/2022\/12\/20221120_1220121-1536x1152.jpg 1536w, https:\/\/lesamisdelahume.fr\/wp-content\/uploads\/2022\/12\/20221120_1220121-2048x1536.jpg 2048w\" sizes=\"auto, (max-width: 767px) 89vw, (max-width: 1000px) 54vw, (max-width: 1071px) 543px, 580px\" \/><\/figure>\n\n\n\n<figure class=\"wp-block-image size-large\"><img loading=\"lazy\" decoding=\"async\" width=\"1024\" height=\"768\" data-id=\"517\" src=\"http:\/\/lesamisdelahume.fr\/wp-content\/uploads\/2022\/12\/20221121_141921-1024x768.jpg\" alt=\"\" class=\"wp-image-517\" srcset=\"https:\/\/lesamisdelahume.fr\/wp-content\/uploads\/2022\/12\/20221121_141921-1024x768.jpg 1024w, https:\/\/lesamisdelahume.fr\/wp-content\/uploads\/2022\/12\/20221121_141921-300x225.jpg 300w, https:\/\/lesamisdelahume.fr\/wp-content\/uploads\/2022\/12\/20221121_141921-768x576.jpg 768w, https:\/\/lesamisdelahume.fr\/wp-content\/uploads\/2022\/12\/20221121_141921-1536x1152.jpg 1536w, https:\/\/lesamisdelahume.fr\/wp-content\/uploads\/2022\/12\/20221121_141921-2048x1536.jpg 2048w\" sizes=\"auto, (max-width: 767px) 89vw, (max-width: 1000px) 54vw, (max-width: 1071px) 543px, 580px\" \/><\/figure>\n\n\n\n<figure class=\"wp-block-image size-large\"><img loading=\"lazy\" decoding=\"async\" width=\"2560\" height=\"1920\" data-id=\"518\" src=\"http:\/\/lesamisdelahume.fr\/wp-content\/uploads\/2022\/12\/20221120_1219422-scaled.jpg\" alt=\"\" class=\"wp-image-518\" srcset=\"https:\/\/lesamisdelahume.fr\/wp-content\/uploads\/2022\/12\/20221120_1219422-scaled.jpg 2560w, https:\/\/lesamisdelahume.fr\/wp-content\/uploads\/2022\/12\/20221120_1219422-300x225.jpg 300w\" sizes=\"auto, (max-width: 767px) 89vw, (max-width: 1000px) 54vw, (max-width: 1071px) 543px, 580px\" \/><\/figure>\n\n\n\n<figure class=\"wp-block-image size-large\"><img decoding=\"async\" data-id=\"519\" src=\"http:\/\/lesamisdelahume.fr\/wp-content\/uploads\/2022\/12\/20221120_1220391.jpg\" alt=\"\" class=\"wp-image-519\"\/><\/figure>\n\n\n\n<figure class=\"wp-block-image size-large\"><img loading=\"lazy\" decoding=\"async\" width=\"2560\" height=\"1920\" data-id=\"520\" src=\"http:\/\/lesamisdelahume.fr\/wp-content\/uploads\/2022\/12\/20221120_122056-scaled.jpg\" alt=\"\" class=\"wp-image-520\" srcset=\"https:\/\/lesamisdelahume.fr\/wp-content\/uploads\/2022\/12\/20221120_122056-scaled.jpg 2560w, https:\/\/lesamisdelahume.fr\/wp-content\/uploads\/2022\/12\/20221120_122056-300x225.jpg 300w\" sizes=\"auto, (max-width: 767px) 89vw, (max-width: 1000px) 54vw, (max-width: 1071px) 543px, 580px\" \/><\/figure>\n\n\n\n<figure class=\"wp-block-image size-large\"><img loading=\"lazy\" decoding=\"async\" width=\"1024\" height=\"768\" data-id=\"521\" src=\"http:\/\/lesamisdelahume.fr\/wp-content\/uploads\/2022\/12\/20221120_1219321-1024x768.jpg\" alt=\"\" class=\"wp-image-521\" srcset=\"https:\/\/lesamisdelahume.fr\/wp-content\/uploads\/2022\/12\/20221120_1219321-1024x768.jpg 1024w, https:\/\/lesamisdelahume.fr\/wp-content\/uploads\/2022\/12\/20221120_1219321-300x225.jpg 300w, https:\/\/lesamisdelahume.fr\/wp-content\/uploads\/2022\/12\/20221120_1219321-768x576.jpg 768w, https:\/\/lesamisdelahume.fr\/wp-content\/uploads\/2022\/12\/20221120_1219321-1536x1152.jpg 1536w, https:\/\/lesamisdelahume.fr\/wp-content\/uploads\/2022\/12\/20221120_1219321-2048x1536.jpg 2048w\" sizes=\"auto, (max-width: 767px) 89vw, (max-width: 1000px) 54vw, (max-width: 1071px) 543px, 580px\" \/><\/figure>\n<\/figure>\n","protected":false},"excerpt":{"rendered":"<p>Sortie Cabaret au Diamant Rose \u00e0 Bordeaux en f\u00e9vrier 2022 Sortie Cabaret au Diamant Rose, \u00e0 Bordeaux. Soir\u00e9e festive des Amis de la Hume entre nous. Balade au Pays Basque et en Navarre du 1er Avril au 3 Avril 2022 Notre groupe est parti visiter la grotte de Sare, la cit\u00e9 m\u00e9di\u00e8vale d&rsquo;Olite (Espagne) et &hellip; <\/p>\n<p class=\"link-more\"><a href=\"https:\/\/lesamisdelahume.fr\/index.php\/2022-2\/\" class=\"more-link\">Continuer la lecture<span class=\"screen-reader-text\"> de &laquo;&nbsp;Entre nous &#8211; 2022&nbsp;&raquo;<\/span><\/a><\/p>\n","protected":false},"author":4,"featured_media":0,"parent":0,"menu_order":0,"comment_status":"closed","ping_status":"closed","template":"","meta":{"footnotes":""},"class_list":["post-329","page","type-page","status-publish","hentry"],"yoast_head":"<!-- This site is optimized with the Yoast SEO plugin v27.0 - https:\/\/yoast.com\/product\/yoast-seo-wordpress\/ -->\n<title>Entre nous - 2022 - Les Amis de la Hume<\/title>\n<meta name=\"robots\" content=\"index, follow, max-snippet:-1, max-image-preview:large, max-video-preview:-1\" \/>\n<link rel=\"canonical\" href=\"https:\/\/lesamisdelahume.fr\/index.php\/2022-2\/\" \/>\n<meta property=\"og:locale\" content=\"fr_FR\" \/>\n<meta property=\"og:type\" content=\"article\" \/>\n<meta property=\"og:title\" content=\"Entre nous - 2022 - Les Amis de la Hume\" \/>\n<meta property=\"og:description\" content=\"Sortie Cabaret au Diamant Rose \u00e0 Bordeaux en f\u00e9vrier 2022 Sortie Cabaret au Diamant Rose, \u00e0 Bordeaux. Soir\u00e9e festive des Amis de la Hume entre nous. Balade au Pays Basque et en Navarre du 1er Avril au 3 Avril 2022 Notre groupe est parti visiter la grotte de Sare, la cit\u00e9 m\u00e9di\u00e8vale d&rsquo;Olite (Espagne) et &hellip; Continuer la lecture de &laquo;&nbsp;Entre nous &#8211; 2022&nbsp;&raquo;\" \/>\n<meta property=\"og:url\" content=\"https:\/\/lesamisdelahume.fr\/index.php\/2022-2\/\" \/>\n<meta property=\"og:site_name\" content=\"Les Amis de la Hume\" \/>\n<meta property=\"article:modified_time\" content=\"2025-03-23T16:23:26+00:00\" \/>\n<meta property=\"og:image\" content=\"http:\/\/lesamisdelahume.fr\/wp-content\/uploads\/2022\/03\/Resized_Resized_20220220_005449001.jpg\" \/>\n<meta name=\"twitter:card\" content=\"summary_large_image\" \/>\n<meta name=\"twitter:label1\" content=\"Dur\u00e9e de lecture estim\u00e9e\" \/>\n\t<meta name=\"twitter:data1\" content=\"3 minutes\" \/>\n<script type=\"application\/ld+json\" class=\"yoast-schema-graph\">{\"@context\":\"https:\/\/schema.org\",\"@graph\":[{\"@type\":\"WebPage\",\"@id\":\"https:\/\/lesamisdelahume.fr\/index.php\/2022-2\/\",\"url\":\"https:\/\/lesamisdelahume.fr\/index.php\/2022-2\/\",\"name\":\"Entre nous - 2022 - Les Amis de la Hume\",\"isPartOf\":{\"@id\":\"http:\/\/lesamisdelahume.fr\/#website\"},\"primaryImageOfPage\":{\"@id\":\"https:\/\/lesamisdelahume.fr\/index.php\/2022-2\/#primaryimage\"},\"image\":{\"@id\":\"https:\/\/lesamisdelahume.fr\/index.php\/2022-2\/#primaryimage\"},\"thumbnailUrl\":\"http:\/\/lesamisdelahume.fr\/wp-content\/uploads\/2022\/03\/Resized_Resized_20220220_005449001.jpg\",\"datePublished\":\"2021-12-18T19:13:13+00:00\",\"dateModified\":\"2025-03-23T16:23:26+00:00\",\"breadcrumb\":{\"@id\":\"https:\/\/lesamisdelahume.fr\/index.php\/2022-2\/#breadcrumb\"},\"inLanguage\":\"fr-FR\",\"potentialAction\":[{\"@type\":\"ReadAction\",\"target\":[\"https:\/\/lesamisdelahume.fr\/index.php\/2022-2\/\"]}]},{\"@type\":\"ImageObject\",\"inLanguage\":\"fr-FR\",\"@id\":\"https:\/\/lesamisdelahume.fr\/index.php\/2022-2\/#primaryimage\",\"url\":\"https:\/\/lesamisdelahume.fr\/wp-content\/uploads\/2022\/03\/Resized_Resized_20220220_005449001.jpg\",\"contentUrl\":\"https:\/\/lesamisdelahume.fr\/wp-content\/uploads\/2022\/03\/Resized_Resized_20220220_005449001.jpg\",\"width\":960,\"height\":720},{\"@type\":\"BreadcrumbList\",\"@id\":\"https:\/\/lesamisdelahume.fr\/index.php\/2022-2\/#breadcrumb\",\"itemListElement\":[{\"@type\":\"ListItem\",\"position\":1,\"name\":\"Accueil\",\"item\":\"https:\/\/lesamisdelahume.fr\/\"},{\"@type\":\"ListItem\",\"position\":2,\"name\":\"Entre nous &#8211; 2022\"}]},{\"@type\":\"WebSite\",\"@id\":\"http:\/\/lesamisdelahume.fr\/#website\",\"url\":\"http:\/\/lesamisdelahume.fr\/\",\"name\":\"Les Amis de la Hume\",\"description\":\"Association loi 1901\",\"potentialAction\":[{\"@type\":\"SearchAction\",\"target\":{\"@type\":\"EntryPoint\",\"urlTemplate\":\"http:\/\/lesamisdelahume.fr\/?s={search_term_string}\"},\"query-input\":{\"@type\":\"PropertyValueSpecification\",\"valueRequired\":true,\"valueName\":\"search_term_string\"}}],\"inLanguage\":\"fr-FR\"}]}<\/script>\n<!-- \/ Yoast SEO plugin. -->","yoast_head_json":{"title":"Entre nous - 2022 - Les Amis de la Hume","robots":{"index":"index","follow":"follow","max-snippet":"max-snippet:-1","max-image-preview":"max-image-preview:large","max-video-preview":"max-video-preview:-1"},"canonical":"https:\/\/lesamisdelahume.fr\/index.php\/2022-2\/","og_locale":"fr_FR","og_type":"article","og_title":"Entre nous - 2022 - Les Amis de la Hume","og_description":"Sortie Cabaret au Diamant Rose \u00e0 Bordeaux en f\u00e9vrier 2022 Sortie Cabaret au Diamant Rose, \u00e0 Bordeaux. Soir\u00e9e festive des Amis de la Hume entre nous. Balade au Pays Basque et en Navarre du 1er Avril au 3 Avril 2022 Notre groupe est parti visiter la grotte de Sare, la cit\u00e9 m\u00e9di\u00e8vale d&rsquo;Olite (Espagne) et &hellip; Continuer la lecture de &laquo;&nbsp;Entre nous &#8211; 2022&nbsp;&raquo;","og_url":"https:\/\/lesamisdelahume.fr\/index.php\/2022-2\/","og_site_name":"Les Amis de la Hume","article_modified_time":"2025-03-23T16:23:26+00:00","og_image":[{"url":"http:\/\/lesamisdelahume.fr\/wp-content\/uploads\/2022\/03\/Resized_Resized_20220220_005449001.jpg","type":"","width":"","height":""}],"twitter_card":"summary_large_image","twitter_misc":{"Dur\u00e9e de lecture estim\u00e9e":"3 minutes"},"schema":{"@context":"https:\/\/schema.org","@graph":[{"@type":"WebPage","@id":"https:\/\/lesamisdelahume.fr\/index.php\/2022-2\/","url":"https:\/\/lesamisdelahume.fr\/index.php\/2022-2\/","name":"Entre nous - 2022 - Les Amis de la Hume","isPartOf":{"@id":"http:\/\/lesamisdelahume.fr\/#website"},"primaryImageOfPage":{"@id":"https:\/\/lesamisdelahume.fr\/index.php\/2022-2\/#primaryimage"},"image":{"@id":"https:\/\/lesamisdelahume.fr\/index.php\/2022-2\/#primaryimage"},"thumbnailUrl":"http:\/\/lesamisdelahume.fr\/wp-content\/uploads\/2022\/03\/Resized_Resized_20220220_005449001.jpg","datePublished":"2021-12-18T19:13:13+00:00","dateModified":"2025-03-23T16:23:26+00:00","breadcrumb":{"@id":"https:\/\/lesamisdelahume.fr\/index.php\/2022-2\/#breadcrumb"},"inLanguage":"fr-FR","potentialAction":[{"@type":"ReadAction","target":["https:\/\/lesamisdelahume.fr\/index.php\/2022-2\/"]}]},{"@type":"ImageObject","inLanguage":"fr-FR","@id":"https:\/\/lesamisdelahume.fr\/index.php\/2022-2\/#primaryimage","url":"https:\/\/lesamisdelahume.fr\/wp-content\/uploads\/2022\/03\/Resized_Resized_20220220_005449001.jpg","contentUrl":"https:\/\/lesamisdelahume.fr\/wp-content\/uploads\/2022\/03\/Resized_Resized_20220220_005449001.jpg","width":960,"height":720},{"@type":"BreadcrumbList","@id":"https:\/\/lesamisdelahume.fr\/index.php\/2022-2\/#breadcrumb","itemListElement":[{"@type":"ListItem","position":1,"name":"Accueil","item":"https:\/\/lesamisdelahume.fr\/"},{"@type":"ListItem","position":2,"name":"Entre nous &#8211; 2022"}]},{"@type":"WebSite","@id":"http:\/\/lesamisdelahume.fr\/#website","url":"http:\/\/lesamisdelahume.fr\/","name":"Les Amis de la Hume","description":"Association loi 1901","potentialAction":[{"@type":"SearchAction","target":{"@type":"EntryPoint","urlTemplate":"http:\/\/lesamisdelahume.fr\/?s={search_term_string}"},"query-input":{"@type":"PropertyValueSpecification","valueRequired":true,"valueName":"search_term_string"}}],"inLanguage":"fr-FR"}]}},"_links":{"self":[{"href":"https:\/\/lesamisdelahume.fr\/index.php\/wp-json\/wp\/v2\/pages\/329","targetHints":{"allow":["GET"]}}],"collection":[{"href":"https:\/\/lesamisdelahume.fr\/index.php\/wp-json\/wp\/v2\/pages"}],"about":[{"href":"https:\/\/lesamisdelahume.fr\/index.php\/wp-json\/wp\/v2\/types\/page"}],"author":[{"embeddable":true,"href":"https:\/\/lesamisdelahume.fr\/index.php\/wp-json\/wp\/v2\/users\/4"}],"replies":[{"embeddable":true,"href":"https:\/\/lesamisdelahume.fr\/index.php\/wp-json\/wp\/v2\/comments?post=329"}],"version-history":[{"count":19,"href":"https:\/\/lesamisdelahume.fr\/index.php\/wp-json\/wp\/v2\/pages\/329\/revisions"}],"predecessor-version":[{"id":1067,"href":"https:\/\/lesamisdelahume.fr\/index.php\/wp-json\/wp\/v2\/pages\/329\/revisions\/1067"}],"wp:attachment":[{"href":"https:\/\/lesamisdelahume.fr\/index.php\/wp-json\/wp\/v2\/media?parent=329"}],"curies":[{"name":"wp","href":"https:\/\/api.w.org\/{rel}","templated":true}]}}