{"id":335,"date":"2021-12-18T20:15:30","date_gmt":"2021-12-18T19:15:30","guid":{"rendered":"http:\/\/lesamisdelahume.fr\/?page_id=335"},"modified":"2025-03-23T16:56:51","modified_gmt":"2025-03-23T15:56:51","slug":"2022-4","status":"publish","type":"page","link":"https:\/\/lesamisdelahume.fr\/index.php\/2022-4\/","title":{"rendered":"2022 &#8211; Manifestations"},"content":{"rendered":"\n<h2 class=\"wp-block-heading\"><strong>Programme  2022<\/strong><\/h2>\n\n\n\n<p><\/p>\n\n\n\n<p>Enfin reprise de nos sardinades&#8230;<\/p>\n\n\n\n<p>Tr\u00e8s belle soir\u00e9e avec le groupe choeur des Hommes ADISHATZ.<\/p>\n\n\n\n<p>Bravo \u00e0 nos jeunes serveurs !<\/p>\n\n\n\n<p>On est pr\u00eat pour la prochaine.<\/p>\n\n\n\n<figure class=\"wp-block-gallery has-nested-images columns-default is-cropped wp-block-gallery-1 is-layout-flex wp-block-gallery-is-layout-flex\">\n<figure class=\"wp-block-image size-large\"><img loading=\"lazy\" decoding=\"async\" width=\"1024\" height=\"769\" data-id=\"443\" src=\"http:\/\/lesamisdelahume.fr\/wp-content\/uploads\/2022\/07\/sardinade-juillet-22-1-1024x769.jpg\" alt=\"\" class=\"wp-image-443\" srcset=\"https:\/\/lesamisdelahume.fr\/wp-content\/uploads\/2022\/07\/sardinade-juillet-22-1-1024x769.jpg 1024w, https:\/\/lesamisdelahume.fr\/wp-content\/uploads\/2022\/07\/sardinade-juillet-22-1-300x225.jpg 300w, https:\/\/lesamisdelahume.fr\/wp-content\/uploads\/2022\/07\/sardinade-juillet-22-1-768x577.jpg 768w, https:\/\/lesamisdelahume.fr\/wp-content\/uploads\/2022\/07\/sardinade-juillet-22-1-1536x1153.jpg 1536w, https:\/\/lesamisdelahume.fr\/wp-content\/uploads\/2022\/07\/sardinade-juillet-22-1-2048x1538.jpg 2048w\" sizes=\"auto, (max-width: 767px) 89vw, (max-width: 1000px) 54vw, (max-width: 1071px) 543px, 580px\" \/><\/figure>\n\n\n\n<figure class=\"wp-block-image size-large\"><img loading=\"lazy\" decoding=\"async\" width=\"1024\" height=\"769\" data-id=\"444\" src=\"http:\/\/lesamisdelahume.fr\/wp-content\/uploads\/2022\/07\/sardinade-juillet-22-2-1024x769.jpg\" alt=\"\" class=\"wp-image-444\" srcset=\"https:\/\/lesamisdelahume.fr\/wp-content\/uploads\/2022\/07\/sardinade-juillet-22-2-1024x769.jpg 1024w, https:\/\/lesamisdelahume.fr\/wp-content\/uploads\/2022\/07\/sardinade-juillet-22-2-300x225.jpg 300w, https:\/\/lesamisdelahume.fr\/wp-content\/uploads\/2022\/07\/sardinade-juillet-22-2-768x577.jpg 768w, https:\/\/lesamisdelahume.fr\/wp-content\/uploads\/2022\/07\/sardinade-juillet-22-2-1536x1153.jpg 1536w, https:\/\/lesamisdelahume.fr\/wp-content\/uploads\/2022\/07\/sardinade-juillet-22-2-2048x1538.jpg 2048w\" sizes=\"auto, (max-width: 767px) 89vw, (max-width: 1000px) 54vw, (max-width: 1071px) 543px, 580px\" \/><\/figure>\n\n\n\n<figure class=\"wp-block-image size-large\"><img loading=\"lazy\" decoding=\"async\" width=\"1024\" height=\"769\" data-id=\"445\" src=\"http:\/\/lesamisdelahume.fr\/wp-content\/uploads\/2022\/07\/sardinade-juillet-22-3-1024x769.jpg\" alt=\"\" class=\"wp-image-445\" srcset=\"https:\/\/lesamisdelahume.fr\/wp-content\/uploads\/2022\/07\/sardinade-juillet-22-3-1024x769.jpg 1024w, https:\/\/lesamisdelahume.fr\/wp-content\/uploads\/2022\/07\/sardinade-juillet-22-3-300x225.jpg 300w, https:\/\/lesamisdelahume.fr\/wp-content\/uploads\/2022\/07\/sardinade-juillet-22-3-768x577.jpg 768w, https:\/\/lesamisdelahume.fr\/wp-content\/uploads\/2022\/07\/sardinade-juillet-22-3-1536x1153.jpg 1536w, https:\/\/lesamisdelahume.fr\/wp-content\/uploads\/2022\/07\/sardinade-juillet-22-3-2048x1538.jpg 2048w\" sizes=\"auto, (max-width: 767px) 89vw, (max-width: 1000px) 54vw, (max-width: 1071px) 543px, 580px\" \/><\/figure>\n<\/figure>\n\n\n\n<p>La saison 2022 est programm\u00e9e.<\/p>\n\n\n\n<p>Enfin, nous sommes impatients de retrouver toutes nos activit\u00e9s, apr\u00e8s ces deux ann\u00e9es de restrictions&#8230;.<\/p>\n\n\n\n<p><strong>Samedi 9 Juillet<\/strong> : sardinade au Port de la Hume \u00e0 20H<\/p>\n\n\n\n<p>R\u00e9servations obligatoires \u00e0 partir du 2 Juillet 10H\/12H sauf dimanche au Clos Fleuri.<\/p>\n\n\n\n<p><strong>Jeudi 14 Juillet<\/strong> : course p\u00e9destre, inscriptions 9H, d\u00e9part 10H au parc de la ch\u00eaneraie.<\/p>\n\n\n\n<p><strong>Samedi 6 Ao\u00fb<\/strong>t : sardinade au Port de la Hume \u00e0 20H<\/p>\n\n\n\n<p>R\u00e9servations obligatoires \u00e0 partir du 30 Juillet 10H\/12H sauf dimanche au Clos Fleuri.<\/p>\n\n\n\n<p><strong>Samedi 3 septembre<\/strong>: sardinade au Port de la Hume \u00e0 20H<\/p>\n\n\n\n<p>R\u00e9servations obligatoires \u00e0 partir du 27 Ao\u00fbt 10H\/12H sauf dimanche au Clos Fleuri.<\/p>\n\n\n\n<p><strong>Dimanche 30 Octobre<\/strong> : journ\u00e9e champignons 10H\/17H au Parc de la ch\u00eaneraie.<\/p>\n\n\n\n<p>Cueillette le matin, expo l&rsquo;apr\u00e8s-midi.<\/p>\n\n\n\n<p><span style=\"text-decoration: underline;\">Toutes ces dates sont sous r\u00e9serve de conditions sanitaires<\/span>.<\/p>\n\n\n\n<hr class=\"wp-block-separator has-alpha-channel-opacity\"\/>\n\n\n\n<h1 class=\"wp-block-heading\"><strong>Journ\u00e9e Champignons le 30 octobre 2022<\/strong><\/h1>\n\n\n\n<p>L&rsquo;association Les Amis de La Hume organise, en partenariat avec la Soci\u00e9t\u00e9 Lin\u00e9enne de Bordeaux, une journ\u00e9e champignons.<\/p>\n\n\n\n<ul class=\"wp-block-list\">\n<li>10h&nbsp;: rendez-vous au Parc de la Ch\u00eaneraie pour la cueillette (pr\u00e9voir un panier). Ouvert \u00e0 tous<\/li>\n\n\n\n<li>de 14h \u00e0 17h : Exposition comment\u00e9e par la Soci\u00e9t\u00e9 Lin\u00e9enne de Bordeaux au Parc de la Ch\u00eaneraie. Gratuit.<\/li>\n<\/ul>\n\n\n\n<p>Renseignements Les Amis de La hume 06 45 19 93 99<\/p>\n\n\n<div class=\"wp-block-image\">\n<figure class=\"aligncenter size-full is-resized\"><img loading=\"lazy\" decoding=\"async\" src=\"http:\/\/lesamisdelahume.fr\/wp-content\/uploads\/2022\/10\/champignons.jpg\" alt=\"\" class=\"wp-image-506\" width=\"493\" height=\"329\"\/><\/figure>\n<\/div>\n\n\n<hr class=\"wp-block-separator has-alpha-channel-opacity\"\/>\n\n\n\n<h1 class=\"wp-block-heading\"><strong>No\u00ebl \u00e0 La Hume du samedi 17 d\u00e9cembre 2022<\/strong><\/h1>\n\n\n\n<p>Les Amis de la Hume, tr\u00e8s Heureux d&rsquo;avoir particip\u00e9 \u00e0 cette<\/p>\n\n\n\n<p>apr\u00e8s-midi de No\u00ebl&#8230;.<\/p>\n\n\n\n<figure class=\"wp-block-gallery has-nested-images columns-default is-cropped wp-block-gallery-2 is-layout-flex wp-block-gallery-is-layout-flex\">\n<figure class=\"wp-block-image size-large\"><img loading=\"lazy\" decoding=\"async\" width=\"1024\" height=\"768\" data-id=\"533\" src=\"http:\/\/lesamisdelahume.fr\/wp-content\/uploads\/2022\/12\/20221217_1534191-1024x768.jpg\" alt=\"\" class=\"wp-image-533\" srcset=\"https:\/\/lesamisdelahume.fr\/wp-content\/uploads\/2022\/12\/20221217_1534191-1024x768.jpg 1024w, https:\/\/lesamisdelahume.fr\/wp-content\/uploads\/2022\/12\/20221217_1534191-300x225.jpg 300w, https:\/\/lesamisdelahume.fr\/wp-content\/uploads\/2022\/12\/20221217_1534191-768x576.jpg 768w, https:\/\/lesamisdelahume.fr\/wp-content\/uploads\/2022\/12\/20221217_1534191-1536x1152.jpg 1536w, https:\/\/lesamisdelahume.fr\/wp-content\/uploads\/2022\/12\/20221217_1534191-2048x1536.jpg 2048w\" sizes=\"auto, (max-width: 767px) 89vw, (max-width: 1000px) 54vw, (max-width: 1071px) 543px, 580px\" \/><\/figure>\n\n\n\n<figure class=\"wp-block-image size-large\"><img loading=\"lazy\" decoding=\"async\" width=\"1024\" height=\"768\" data-id=\"532\" src=\"http:\/\/lesamisdelahume.fr\/wp-content\/uploads\/2022\/12\/20221217_143738-1024x768.jpg\" alt=\"\" class=\"wp-image-532\" srcset=\"https:\/\/lesamisdelahume.fr\/wp-content\/uploads\/2022\/12\/20221217_143738-1024x768.jpg 1024w, https:\/\/lesamisdelahume.fr\/wp-content\/uploads\/2022\/12\/20221217_143738-300x225.jpg 300w, https:\/\/lesamisdelahume.fr\/wp-content\/uploads\/2022\/12\/20221217_143738-768x576.jpg 768w, https:\/\/lesamisdelahume.fr\/wp-content\/uploads\/2022\/12\/20221217_143738-1536x1152.jpg 1536w, https:\/\/lesamisdelahume.fr\/wp-content\/uploads\/2022\/12\/20221217_143738-2048x1536.jpg 2048w\" sizes=\"auto, (max-width: 767px) 89vw, (max-width: 1000px) 54vw, (max-width: 1071px) 543px, 580px\" \/><\/figure>\n\n\n\n<figure class=\"wp-block-image size-large\"><img loading=\"lazy\" decoding=\"async\" width=\"1024\" height=\"768\" data-id=\"531\" src=\"http:\/\/lesamisdelahume.fr\/wp-content\/uploads\/2022\/12\/20221217_143729-1024x768.jpg\" alt=\"\" class=\"wp-image-531\" srcset=\"https:\/\/lesamisdelahume.fr\/wp-content\/uploads\/2022\/12\/20221217_143729-1024x768.jpg 1024w, https:\/\/lesamisdelahume.fr\/wp-content\/uploads\/2022\/12\/20221217_143729-300x225.jpg 300w, https:\/\/lesamisdelahume.fr\/wp-content\/uploads\/2022\/12\/20221217_143729-768x576.jpg 768w, https:\/\/lesamisdelahume.fr\/wp-content\/uploads\/2022\/12\/20221217_143729-1536x1152.jpg 1536w, https:\/\/lesamisdelahume.fr\/wp-content\/uploads\/2022\/12\/20221217_143729-2048x1536.jpg 2048w\" sizes=\"auto, (max-width: 767px) 89vw, (max-width: 1000px) 54vw, (max-width: 1071px) 543px, 580px\" \/><\/figure>\n\n\n\n<figure class=\"wp-block-image size-large\"><img loading=\"lazy\" decoding=\"async\" width=\"1024\" height=\"768\" data-id=\"530\" src=\"http:\/\/lesamisdelahume.fr\/wp-content\/uploads\/2022\/12\/20221217_143722-1024x768.jpg\" alt=\"\" class=\"wp-image-530\" srcset=\"https:\/\/lesamisdelahume.fr\/wp-content\/uploads\/2022\/12\/20221217_143722-1024x768.jpg 1024w, https:\/\/lesamisdelahume.fr\/wp-content\/uploads\/2022\/12\/20221217_143722-300x225.jpg 300w, https:\/\/lesamisdelahume.fr\/wp-content\/uploads\/2022\/12\/20221217_143722-768x576.jpg 768w, https:\/\/lesamisdelahume.fr\/wp-content\/uploads\/2022\/12\/20221217_143722-1536x1152.jpg 1536w, https:\/\/lesamisdelahume.fr\/wp-content\/uploads\/2022\/12\/20221217_143722-2048x1536.jpg 2048w\" sizes=\"auto, (max-width: 767px) 89vw, (max-width: 1000px) 54vw, (max-width: 1071px) 543px, 580px\" \/><\/figure>\n\n\n\n<figure class=\"wp-block-image size-large\"><img loading=\"lazy\" decoding=\"async\" width=\"1024\" height=\"768\" data-id=\"529\" src=\"http:\/\/lesamisdelahume.fr\/wp-content\/uploads\/2022\/12\/20221217_143718-1024x768.jpg\" alt=\"\" class=\"wp-image-529\" srcset=\"https:\/\/lesamisdelahume.fr\/wp-content\/uploads\/2022\/12\/20221217_143718-1024x768.jpg 1024w, https:\/\/lesamisdelahume.fr\/wp-content\/uploads\/2022\/12\/20221217_143718-300x225.jpg 300w, https:\/\/lesamisdelahume.fr\/wp-content\/uploads\/2022\/12\/20221217_143718-768x576.jpg 768w, https:\/\/lesamisdelahume.fr\/wp-content\/uploads\/2022\/12\/20221217_143718-1536x1152.jpg 1536w, https:\/\/lesamisdelahume.fr\/wp-content\/uploads\/2022\/12\/20221217_143718-2048x1536.jpg 2048w\" sizes=\"auto, (max-width: 767px) 89vw, (max-width: 1000px) 54vw, (max-width: 1071px) 543px, 580px\" \/><\/figure>\n\n\n\n<figure class=\"wp-block-image size-large\"><img loading=\"lazy\" decoding=\"async\" width=\"1024\" height=\"768\" data-id=\"528\" src=\"http:\/\/lesamisdelahume.fr\/wp-content\/uploads\/2022\/12\/20221217_143710-1024x768.jpg\" alt=\"\" class=\"wp-image-528\" srcset=\"https:\/\/lesamisdelahume.fr\/wp-content\/uploads\/2022\/12\/20221217_143710-1024x768.jpg 1024w, https:\/\/lesamisdelahume.fr\/wp-content\/uploads\/2022\/12\/20221217_143710-300x225.jpg 300w, https:\/\/lesamisdelahume.fr\/wp-content\/uploads\/2022\/12\/20221217_143710-768x576.jpg 768w, https:\/\/lesamisdelahume.fr\/wp-content\/uploads\/2022\/12\/20221217_143710-1536x1152.jpg 1536w, https:\/\/lesamisdelahume.fr\/wp-content\/uploads\/2022\/12\/20221217_143710-2048x1536.jpg 2048w\" sizes=\"auto, (max-width: 767px) 89vw, (max-width: 1000px) 54vw, (max-width: 1071px) 543px, 580px\" \/><\/figure>\n\n\n\n<figure class=\"wp-block-image size-large\"><img loading=\"lazy\" decoding=\"async\" width=\"1024\" height=\"768\" data-id=\"527\" src=\"http:\/\/lesamisdelahume.fr\/wp-content\/uploads\/2022\/12\/20221217_135310-1024x768.jpg\" alt=\"\" class=\"wp-image-527\" srcset=\"https:\/\/lesamisdelahume.fr\/wp-content\/uploads\/2022\/12\/20221217_135310-1024x768.jpg 1024w, https:\/\/lesamisdelahume.fr\/wp-content\/uploads\/2022\/12\/20221217_135310-300x225.jpg 300w, https:\/\/lesamisdelahume.fr\/wp-content\/uploads\/2022\/12\/20221217_135310-768x576.jpg 768w, https:\/\/lesamisdelahume.fr\/wp-content\/uploads\/2022\/12\/20221217_135310-1536x1152.jpg 1536w, https:\/\/lesamisdelahume.fr\/wp-content\/uploads\/2022\/12\/20221217_135310-2048x1536.jpg 2048w\" sizes=\"auto, (max-width: 767px) 89vw, (max-width: 1000px) 54vw, (max-width: 1071px) 543px, 580px\" \/><\/figure>\n\n\n\n<figure class=\"wp-block-image size-large\"><img loading=\"lazy\" decoding=\"async\" width=\"1024\" height=\"768\" data-id=\"526\" src=\"http:\/\/lesamisdelahume.fr\/wp-content\/uploads\/2022\/12\/20221217_135302-1024x768.jpg\" alt=\"\" class=\"wp-image-526\" srcset=\"https:\/\/lesamisdelahume.fr\/wp-content\/uploads\/2022\/12\/20221217_135302-1024x768.jpg 1024w, https:\/\/lesamisdelahume.fr\/wp-content\/uploads\/2022\/12\/20221217_135302-300x225.jpg 300w, https:\/\/lesamisdelahume.fr\/wp-content\/uploads\/2022\/12\/20221217_135302-768x576.jpg 768w, https:\/\/lesamisdelahume.fr\/wp-content\/uploads\/2022\/12\/20221217_135302-1536x1152.jpg 1536w, https:\/\/lesamisdelahume.fr\/wp-content\/uploads\/2022\/12\/20221217_135302-2048x1536.jpg 2048w\" sizes=\"auto, (max-width: 767px) 89vw, (max-width: 1000px) 54vw, (max-width: 1071px) 543px, 580px\" \/><\/figure>\n<\/figure>\n","protected":false},"excerpt":{"rendered":"<p>Programme 2022 Enfin reprise de nos sardinades&#8230; Tr\u00e8s belle soir\u00e9e avec le groupe choeur des Hommes ADISHATZ. Bravo \u00e0 nos jeunes serveurs ! On est pr\u00eat pour la prochaine. La saison 2022 est programm\u00e9e. Enfin, nous sommes impatients de retrouver toutes nos activit\u00e9s, apr\u00e8s ces deux ann\u00e9es de restrictions&#8230;. Samedi 9 Juillet : sardinade au &hellip; <\/p>\n<p class=\"link-more\"><a href=\"https:\/\/lesamisdelahume.fr\/index.php\/2022-4\/\" class=\"more-link\">Continuer la lecture<span class=\"screen-reader-text\"> de &laquo;&nbsp;2022 &#8211; Manifestations&nbsp;&raquo;<\/span><\/a><\/p>\n","protected":false},"author":4,"featured_media":0,"parent":0,"menu_order":4,"comment_status":"closed","ping_status":"closed","template":"","meta":{"footnotes":""},"class_list":["post-335","page","type-page","status-publish","hentry"],"yoast_head":"<!-- This site is optimized with the Yoast SEO plugin v27.0 - https:\/\/yoast.com\/product\/yoast-seo-wordpress\/ -->\n<title>2022 - Manifestations - Les Amis de la Hume<\/title>\n<meta name=\"robots\" content=\"index, follow, max-snippet:-1, max-image-preview:large, max-video-preview:-1\" \/>\n<link rel=\"canonical\" href=\"https:\/\/lesamisdelahume.fr\/index.php\/2022-4\/\" \/>\n<meta property=\"og:locale\" content=\"fr_FR\" \/>\n<meta property=\"og:type\" content=\"article\" \/>\n<meta property=\"og:title\" content=\"2022 - Manifestations - Les Amis de la Hume\" \/>\n<meta property=\"og:description\" content=\"Programme 2022 Enfin reprise de nos sardinades&#8230; Tr\u00e8s belle soir\u00e9e avec le groupe choeur des Hommes ADISHATZ. Bravo \u00e0 nos jeunes serveurs ! On est pr\u00eat pour la prochaine. La saison 2022 est programm\u00e9e. Enfin, nous sommes impatients de retrouver toutes nos activit\u00e9s, apr\u00e8s ces deux ann\u00e9es de restrictions&#8230;. Samedi 9 Juillet : sardinade au &hellip; Continuer la lecture de &laquo;&nbsp;2022 &#8211; Manifestations&nbsp;&raquo;\" \/>\n<meta property=\"og:url\" content=\"https:\/\/lesamisdelahume.fr\/index.php\/2022-4\/\" \/>\n<meta property=\"og:site_name\" content=\"Les Amis de la Hume\" \/>\n<meta property=\"article:modified_time\" content=\"2025-03-23T15:56:51+00:00\" \/>\n<meta property=\"og:image\" content=\"http:\/\/lesamisdelahume.fr\/wp-content\/uploads\/2022\/07\/sardinade-juillet-22-1-1024x769.jpg\" \/>\n<meta name=\"twitter:card\" content=\"summary_large_image\" \/>\n<meta name=\"twitter:label1\" content=\"Dur\u00e9e de lecture estim\u00e9e\" \/>\n\t<meta name=\"twitter:data1\" content=\"4 minutes\" \/>\n<script type=\"application\/ld+json\" class=\"yoast-schema-graph\">{\"@context\":\"https:\/\/schema.org\",\"@graph\":[{\"@type\":\"WebPage\",\"@id\":\"https:\/\/lesamisdelahume.fr\/index.php\/2022-4\/\",\"url\":\"https:\/\/lesamisdelahume.fr\/index.php\/2022-4\/\",\"name\":\"2022 - Manifestations - Les Amis de la Hume\",\"isPartOf\":{\"@id\":\"http:\/\/lesamisdelahume.fr\/#website\"},\"primaryImageOfPage\":{\"@id\":\"https:\/\/lesamisdelahume.fr\/index.php\/2022-4\/#primaryimage\"},\"image\":{\"@id\":\"https:\/\/lesamisdelahume.fr\/index.php\/2022-4\/#primaryimage\"},\"thumbnailUrl\":\"http:\/\/lesamisdelahume.fr\/wp-content\/uploads\/2022\/07\/sardinade-juillet-22-1-1024x769.jpg\",\"datePublished\":\"2021-12-18T19:15:30+00:00\",\"dateModified\":\"2025-03-23T15:56:51+00:00\",\"breadcrumb\":{\"@id\":\"https:\/\/lesamisdelahume.fr\/index.php\/2022-4\/#breadcrumb\"},\"inLanguage\":\"fr-FR\",\"potentialAction\":[{\"@type\":\"ReadAction\",\"target\":[\"https:\/\/lesamisdelahume.fr\/index.php\/2022-4\/\"]}]},{\"@type\":\"ImageObject\",\"inLanguage\":\"fr-FR\",\"@id\":\"https:\/\/lesamisdelahume.fr\/index.php\/2022-4\/#primaryimage\",\"url\":\"https:\/\/lesamisdelahume.fr\/wp-content\/uploads\/2022\/07\/sardinade-juillet-22-1-scaled.jpg\",\"contentUrl\":\"https:\/\/lesamisdelahume.fr\/wp-content\/uploads\/2022\/07\/sardinade-juillet-22-1-scaled.jpg\",\"width\":2560,\"height\":1922},{\"@type\":\"BreadcrumbList\",\"@id\":\"https:\/\/lesamisdelahume.fr\/index.php\/2022-4\/#breadcrumb\",\"itemListElement\":[{\"@type\":\"ListItem\",\"position\":1,\"name\":\"Accueil\",\"item\":\"https:\/\/lesamisdelahume.fr\/\"},{\"@type\":\"ListItem\",\"position\":2,\"name\":\"2022 &#8211; Manifestations\"}]},{\"@type\":\"WebSite\",\"@id\":\"http:\/\/lesamisdelahume.fr\/#website\",\"url\":\"http:\/\/lesamisdelahume.fr\/\",\"name\":\"Les Amis de la Hume\",\"description\":\"Association loi 1901\",\"potentialAction\":[{\"@type\":\"SearchAction\",\"target\":{\"@type\":\"EntryPoint\",\"urlTemplate\":\"http:\/\/lesamisdelahume.fr\/?s={search_term_string}\"},\"query-input\":{\"@type\":\"PropertyValueSpecification\",\"valueRequired\":true,\"valueName\":\"search_term_string\"}}],\"inLanguage\":\"fr-FR\"}]}<\/script>\n<!-- \/ Yoast SEO plugin. -->","yoast_head_json":{"title":"2022 - Manifestations - Les Amis de la Hume","robots":{"index":"index","follow":"follow","max-snippet":"max-snippet:-1","max-image-preview":"max-image-preview:large","max-video-preview":"max-video-preview:-1"},"canonical":"https:\/\/lesamisdelahume.fr\/index.php\/2022-4\/","og_locale":"fr_FR","og_type":"article","og_title":"2022 - Manifestations - Les Amis de la Hume","og_description":"Programme 2022 Enfin reprise de nos sardinades&#8230; Tr\u00e8s belle soir\u00e9e avec le groupe choeur des Hommes ADISHATZ. Bravo \u00e0 nos jeunes serveurs ! On est pr\u00eat pour la prochaine. La saison 2022 est programm\u00e9e. Enfin, nous sommes impatients de retrouver toutes nos activit\u00e9s, apr\u00e8s ces deux ann\u00e9es de restrictions&#8230;. Samedi 9 Juillet : sardinade au &hellip; Continuer la lecture de &laquo;&nbsp;2022 &#8211; Manifestations&nbsp;&raquo;","og_url":"https:\/\/lesamisdelahume.fr\/index.php\/2022-4\/","og_site_name":"Les Amis de la Hume","article_modified_time":"2025-03-23T15:56:51+00:00","og_image":[{"url":"http:\/\/lesamisdelahume.fr\/wp-content\/uploads\/2022\/07\/sardinade-juillet-22-1-1024x769.jpg","type":"","width":"","height":""}],"twitter_card":"summary_large_image","twitter_misc":{"Dur\u00e9e de lecture estim\u00e9e":"4 minutes"},"schema":{"@context":"https:\/\/schema.org","@graph":[{"@type":"WebPage","@id":"https:\/\/lesamisdelahume.fr\/index.php\/2022-4\/","url":"https:\/\/lesamisdelahume.fr\/index.php\/2022-4\/","name":"2022 - Manifestations - Les Amis de la Hume","isPartOf":{"@id":"http:\/\/lesamisdelahume.fr\/#website"},"primaryImageOfPage":{"@id":"https:\/\/lesamisdelahume.fr\/index.php\/2022-4\/#primaryimage"},"image":{"@id":"https:\/\/lesamisdelahume.fr\/index.php\/2022-4\/#primaryimage"},"thumbnailUrl":"http:\/\/lesamisdelahume.fr\/wp-content\/uploads\/2022\/07\/sardinade-juillet-22-1-1024x769.jpg","datePublished":"2021-12-18T19:15:30+00:00","dateModified":"2025-03-23T15:56:51+00:00","breadcrumb":{"@id":"https:\/\/lesamisdelahume.fr\/index.php\/2022-4\/#breadcrumb"},"inLanguage":"fr-FR","potentialAction":[{"@type":"ReadAction","target":["https:\/\/lesamisdelahume.fr\/index.php\/2022-4\/"]}]},{"@type":"ImageObject","inLanguage":"fr-FR","@id":"https:\/\/lesamisdelahume.fr\/index.php\/2022-4\/#primaryimage","url":"https:\/\/lesamisdelahume.fr\/wp-content\/uploads\/2022\/07\/sardinade-juillet-22-1-scaled.jpg","contentUrl":"https:\/\/lesamisdelahume.fr\/wp-content\/uploads\/2022\/07\/sardinade-juillet-22-1-scaled.jpg","width":2560,"height":1922},{"@type":"BreadcrumbList","@id":"https:\/\/lesamisdelahume.fr\/index.php\/2022-4\/#breadcrumb","itemListElement":[{"@type":"ListItem","position":1,"name":"Accueil","item":"https:\/\/lesamisdelahume.fr\/"},{"@type":"ListItem","position":2,"name":"2022 &#8211; Manifestations"}]},{"@type":"WebSite","@id":"http:\/\/lesamisdelahume.fr\/#website","url":"http:\/\/lesamisdelahume.fr\/","name":"Les Amis de la Hume","description":"Association loi 1901","potentialAction":[{"@type":"SearchAction","target":{"@type":"EntryPoint","urlTemplate":"http:\/\/lesamisdelahume.fr\/?s={search_term_string}"},"query-input":{"@type":"PropertyValueSpecification","valueRequired":true,"valueName":"search_term_string"}}],"inLanguage":"fr-FR"}]}},"_links":{"self":[{"href":"https:\/\/lesamisdelahume.fr\/index.php\/wp-json\/wp\/v2\/pages\/335","targetHints":{"allow":["GET"]}}],"collection":[{"href":"https:\/\/lesamisdelahume.fr\/index.php\/wp-json\/wp\/v2\/pages"}],"about":[{"href":"https:\/\/lesamisdelahume.fr\/index.php\/wp-json\/wp\/v2\/types\/page"}],"author":[{"embeddable":true,"href":"https:\/\/lesamisdelahume.fr\/index.php\/wp-json\/wp\/v2\/users\/4"}],"replies":[{"embeddable":true,"href":"https:\/\/lesamisdelahume.fr\/index.php\/wp-json\/wp\/v2\/comments?post=335"}],"version-history":[{"count":10,"href":"https:\/\/lesamisdelahume.fr\/index.php\/wp-json\/wp\/v2\/pages\/335\/revisions"}],"predecessor-version":[{"id":1056,"href":"https:\/\/lesamisdelahume.fr\/index.php\/wp-json\/wp\/v2\/pages\/335\/revisions\/1056"}],"wp:attachment":[{"href":"https:\/\/lesamisdelahume.fr\/index.php\/wp-json\/wp\/v2\/media?parent=335"}],"curies":[{"name":"wp","href":"https:\/\/api.w.org\/{rel}","templated":true}]}}