{"id":537,"date":"2023-01-20T08:58:25","date_gmt":"2023-01-20T07:58:25","guid":{"rendered":"http:\/\/lesamisdelahume.fr\/?page_id=537"},"modified":"2025-03-23T17:41:25","modified_gmt":"2025-03-23T16:41:25","slug":"2023-2","status":"publish","type":"page","link":"https:\/\/lesamisdelahume.fr\/index.php\/2023-2\/","title":{"rendered":"Entre nous &#8211; 2023"},"content":{"rendered":"\n<h1 class=\"wp-block-heading\"><strong>La Galette des Amis de La Hume du samedi 14 janvier 2023<\/strong><\/h1>\n\n\n\n<p>Les Amis de La Hume se sont r\u00e9unis le samedi 14 janvier 2023 pour c\u00e9l\u00e9brer la nouvelle ann\u00e9e autour d&rsquo;une d\u00e9licieuse galette.<\/p>\n\n\n<div class=\"wp-block-image\">\n<figure class=\"aligncenter size-large\"><img decoding=\"async\" src=\"http:\/\/lesamisdelahume.fr\/wp-content\/uploads\/2023\/01\/IMG_2418-1024x683.jpg\" alt=\"\" class=\"wp-image-545\"\/><\/figure>\n<\/div>\n\n\n<div class=\"wp-block-buttons is-layout-flex wp-block-buttons-is-layout-flex\">\n<div class=\"wp-block-button is-style-outline is-style-outline--1\"><a class=\"wp-block-button__link wp-element-button\" href=\"https:\/\/drive.google.com\/drive\/folders\/1gNpskPf0IMCqRchJSjEeYDn9zvrSTHu_?usp=sharing\" target=\"_blank\" rel=\"noreferrer noopener\">Cliquez ici pour voir les photos<\/a><\/div>\n<\/div>\n\n\n\n<hr class=\"wp-block-separator has-alpha-channel-opacity\"\/>\n\n\n\n<h1 class=\"wp-block-heading\"><strong>Sortie \u00e0 Saint Emilion le dimanche 16 avril 2023<\/strong><\/h1>\n\n\n\n<p>Les Amis de La Hume sont all\u00e9s le Dimanche,che 16 avril passer la journ\u00e9e \u00e0 Saint Emilion.<\/p>\n\n\n\n<figure class=\"wp-block-image size-large\"><img loading=\"lazy\" decoding=\"async\" width=\"1024\" height=\"768\" src=\"http:\/\/lesamisdelahume.fr\/wp-content\/uploads\/2023\/04\/DSCF3923-1024x768.jpg\" alt=\"\" class=\"wp-image-606\" srcset=\"https:\/\/lesamisdelahume.fr\/wp-content\/uploads\/2023\/04\/DSCF3923-1024x768.jpg 1024w, https:\/\/lesamisdelahume.fr\/wp-content\/uploads\/2023\/04\/DSCF3923-300x225.jpg 300w, https:\/\/lesamisdelahume.fr\/wp-content\/uploads\/2023\/04\/DSCF3923-768x576.jpg 768w, https:\/\/lesamisdelahume.fr\/wp-content\/uploads\/2023\/04\/DSCF3923-1536x1152.jpg 1536w, https:\/\/lesamisdelahume.fr\/wp-content\/uploads\/2023\/04\/DSCF3923.jpg 2048w\" sizes=\"auto, (max-width: 767px) 89vw, (max-width: 1000px) 54vw, (max-width: 1071px) 543px, 580px\" \/><\/figure>\n\n\n\n<div class=\"wp-block-buttons is-layout-flex wp-block-buttons-is-layout-flex\">\n<div class=\"wp-block-button is-style-outline is-style-outline--2\"><a class=\"wp-block-button__link wp-element-button\" href=\"https:\/\/drive.google.com\/drive\/folders\/1-3LAYkOT4HScQuO3xNXrO6SqQGrQmd8U?usp=share_link\" target=\"_blank\" rel=\"noreferrer noopener\">Cliquez ici pour voir les photos<\/a><\/div>\n<\/div>\n\n\n\n<hr class=\"wp-block-separator has-alpha-channel-opacity\"\/>\n\n\n\n<h1 class=\"wp-block-heading\"><strong>Sortie dans le Morbihan&nbsp;<\/strong><\/h1>\n\n\n\n<p>Pour leur grande sortie annuelle 2023, les Amis de la Hume sont partis 4 jours dans le Morbihan&nbsp;<\/p>\n\n\n\n<p>Au programme : Rochefort en terre, visite d&rsquo;un cairn, sortie en b\u00e2teau, Ch\u00e2teau de Suscinio, balade \u00e0 l&rsquo;ile aux Moines, Carnac, Vannes et d\u00e9gustation d&rsquo;un succulent plateau de fruits de mer.<\/p>\n\n\n\n<figure class=\"wp-block-image size-large\"><img loading=\"lazy\" decoding=\"async\" width=\"1024\" height=\"769\" src=\"http:\/\/lesamisdelahume.fr\/wp-content\/uploads\/2023\/06\/P1010684-1024x769.jpg\" alt=\"\" class=\"wp-image-611\" srcset=\"https:\/\/lesamisdelahume.fr\/wp-content\/uploads\/2023\/06\/P1010684-1024x769.jpg 1024w, https:\/\/lesamisdelahume.fr\/wp-content\/uploads\/2023\/06\/P1010684-300x225.jpg 300w, https:\/\/lesamisdelahume.fr\/wp-content\/uploads\/2023\/06\/P1010684-768x577.jpg 768w, https:\/\/lesamisdelahume.fr\/wp-content\/uploads\/2023\/06\/P1010684-1536x1153.jpg 1536w, https:\/\/lesamisdelahume.fr\/wp-content\/uploads\/2023\/06\/P1010684-2048x1538.jpg 2048w\" sizes=\"auto, (max-width: 767px) 89vw, (max-width: 1000px) 54vw, (max-width: 1071px) 543px, 580px\" \/><\/figure>\n\n\n\n<div class=\"wp-block-buttons is-layout-flex wp-block-buttons-is-layout-flex\">\n<div class=\"wp-block-button is-style-outline is-style-outline--3\"><a class=\"wp-block-button__link wp-element-button\" href=\"https:\/\/drive.google.com\/drive\/folders\/1J1ibqLjC6r5CA-MlRIPzPoN2hMciod51?usp=share_link\" target=\"_blank\" rel=\"noreferrer noopener\">Cliquez ici pour voir les photos<\/a><\/div>\n<\/div>\n\n\n\n<hr class=\"wp-block-separator has-alpha-channel-opacity\"\/>\n\n\n\n<p><\/p>\n\n\n\n<h1 class=\"wp-block-heading\"><strong>Sortie au Phare de Cordouan en juin 2023<\/strong><\/h1>\n\n\n\n<p>Les Amis de la Hume ont particip\u00e9 \u00e0 la sortie au phare de Cordouan organis\u00e9e par l&rsquo;amicale du don du sang.<\/p>\n\n\n\n<figure class=\"wp-block-image size-large\"><img loading=\"lazy\" decoding=\"async\" width=\"1024\" height=\"769\" src=\"http:\/\/lesamisdelahume.fr\/wp-content\/uploads\/2023\/07\/P1010763-1024x769.jpg\" alt=\"\" class=\"wp-image-629\" srcset=\"https:\/\/lesamisdelahume.fr\/wp-content\/uploads\/2023\/07\/P1010763-1024x769.jpg 1024w, https:\/\/lesamisdelahume.fr\/wp-content\/uploads\/2023\/07\/P1010763-300x225.jpg 300w, https:\/\/lesamisdelahume.fr\/wp-content\/uploads\/2023\/07\/P1010763-768x577.jpg 768w, https:\/\/lesamisdelahume.fr\/wp-content\/uploads\/2023\/07\/P1010763-1536x1153.jpg 1536w, https:\/\/lesamisdelahume.fr\/wp-content\/uploads\/2023\/07\/P1010763-2048x1538.jpg 2048w\" sizes=\"auto, (max-width: 767px) 89vw, (max-width: 1000px) 54vw, (max-width: 1071px) 543px, 580px\" \/><\/figure>\n\n\n\n<div class=\"wp-block-buttons is-layout-flex wp-block-buttons-is-layout-flex\">\n<div class=\"wp-block-button is-style-outline is-style-outline--4\"><a class=\"wp-block-button__link wp-element-button\" href=\"https:\/\/drive.google.com\/drive\/folders\/1UDLUaD-5ECx75D2Y6N-lGUcqxW_Acksm?usp=share_link\" target=\"_blank\" rel=\"noreferrer noopener\">Cliquez ici pour voir les photos<\/a><\/div>\n<\/div>\n\n\n\n<p><\/p>\n\n\n\n<hr class=\"wp-block-separator has-alpha-channel-opacity\"\/>\n\n\n\n<p><\/p>\n\n\n\n<h1 class=\"wp-block-heading\"><strong>Sortie \u00e0 Gu\u00eetres le dimanche 1er octobre 2023<\/strong><\/h1>\n\n\n\n<p><\/p>\n\n\n\n<p>Sortie du 1er Octobre \u00e0 Guitres, pour remercier les b\u00e9n\u00e9voles de l&rsquo;association pour leur travail.<\/p>\n\n\n\n<p>Au programme visite de l&rsquo;Abbatiale Notre-Dame de Gu\u00eetres, tr\u00e8s beau monument du XI \u00e8me&nbsp; si\u00e8cle, nous avons pu acc\u00e9der aux combles et d\u00e9couvrir une magnifique charpente r\u00e9alis\u00e9e au XV \u00e8me si\u00e8cle.<\/p>\n\n\n\n<p>A midi, nous avons pris le train de Guitres&nbsp; privatis\u00e9 rien que pour nous avec un repas pique-nique \u00e0 l&rsquo;ombre des wagons. <\/p>\n\n\n\n<p>En fin de journ\u00e9e retour en gare avec visite du mus\u00e9 et des ateliers par des cheminots passionn\u00e9s.<\/p>\n\n\n\n<p><\/p>\n\n\n\n<figure class=\"wp-block-image size-large\"><img loading=\"lazy\" decoding=\"async\" width=\"1024\" height=\"768\" src=\"http:\/\/lesamisdelahume.fr\/wp-content\/uploads\/2023\/10\/DSCF3982-1024x768.jpg\" alt=\"\" class=\"wp-image-677\" srcset=\"https:\/\/lesamisdelahume.fr\/wp-content\/uploads\/2023\/10\/DSCF3982-1024x768.jpg 1024w, https:\/\/lesamisdelahume.fr\/wp-content\/uploads\/2023\/10\/DSCF3982-300x225.jpg 300w, https:\/\/lesamisdelahume.fr\/wp-content\/uploads\/2023\/10\/DSCF3982-768x576.jpg 768w, https:\/\/lesamisdelahume.fr\/wp-content\/uploads\/2023\/10\/DSCF3982-1536x1152.jpg 1536w, https:\/\/lesamisdelahume.fr\/wp-content\/uploads\/2023\/10\/DSCF3982-2048x1536.jpg 2048w\" sizes=\"auto, (max-width: 767px) 89vw, (max-width: 1000px) 54vw, (max-width: 1071px) 543px, 580px\" \/><\/figure>\n\n\n\n<p><\/p>\n\n\n\n<div class=\"wp-block-buttons is-layout-flex wp-container-core-buttons-is-layout-6b4e3324 wp-block-buttons-is-layout-flex\">\n<div class=\"wp-block-button is-style-outline is-style-outline--5\"><a class=\"wp-block-button__link wp-element-button\" href=\"https:\/\/drive.google.com\/drive\/folders\/1LUyfyDDnGO6E8Lck8oVBEfdo56mtErFq?usp=share_link\">Cliquez ici pour voir les photos<\/a><\/div>\n<\/div>\n\n\n\n<div class=\"wp-block-buttons is-layout-flex wp-block-buttons-is-layout-flex\">\n<div class=\"wp-block-button is-style-outline is-style-outline--6\"><a class=\"wp-block-button__link wp-element-button\" href=\"https:\/\/drive.google.com\/file\/d\/1xcBYvysVY3gSoWna19NUyfXI9SXwJbIK\/view?usp=share_link\">Cliquez ici pour voir la video<\/a><\/div>\n<\/div>\n\n\n\n<hr class=\"wp-block-separator has-alpha-channel-opacity\"\/>\n\n\n\n<p><\/p>\n\n\n\n<h1 class=\"wp-block-heading\"><strong>Sortie \u00e0 Bordeaux le samedi 18 novembre 2023<\/strong><\/h1>\n\n\n\n<p><\/p>\n\n\n\n<p>Belle journ\u00e9e de Novembre pour la sortie des Amis de La Hume, avec la visite du jardin botanique et une d\u00e9ambulation dans le vieux quartier St Pierre, et visite du Grand Th\u00e9\u00e2tre, magnifique Op\u00e9ra avec Catherine notre guide passionn\u00e9e et passionnante.<\/p>\n\n\n\n<p><\/p>\n\n\n\n<figure class=\"wp-block-image size-large\"><img loading=\"lazy\" decoding=\"async\" width=\"1024\" height=\"531\" src=\"http:\/\/lesamisdelahume.fr\/wp-content\/uploads\/2023\/11\/Sortie-Bordeaux-novembre-2023-Les-Amis-de-La-Hume-1024x531.jpg\" alt=\"\" class=\"wp-image-702\" srcset=\"https:\/\/lesamisdelahume.fr\/wp-content\/uploads\/2023\/11\/Sortie-Bordeaux-novembre-2023-Les-Amis-de-La-Hume-1024x531.jpg 1024w, https:\/\/lesamisdelahume.fr\/wp-content\/uploads\/2023\/11\/Sortie-Bordeaux-novembre-2023-Les-Amis-de-La-Hume-300x155.jpg 300w, https:\/\/lesamisdelahume.fr\/wp-content\/uploads\/2023\/11\/Sortie-Bordeaux-novembre-2023-Les-Amis-de-La-Hume-768x398.jpg 768w, https:\/\/lesamisdelahume.fr\/wp-content\/uploads\/2023\/11\/Sortie-Bordeaux-novembre-2023-Les-Amis-de-La-Hume.jpg 1079w\" sizes=\"auto, (max-width: 767px) 89vw, (max-width: 1000px) 54vw, (max-width: 1071px) 543px, 580px\" \/><\/figure>\n\n\n\n<p><\/p>\n\n\n\n<div class=\"wp-block-buttons is-layout-flex wp-block-buttons-is-layout-flex\">\n<div class=\"wp-block-button is-style-outline is-style-outline--7\"><a class=\"wp-block-button__link wp-element-button\" href=\"https:\/\/drive.google.com\/drive\/folders\/1zfStD5sRJhlLSitt6hTKI-DO4S2jv5iQ?usp=share_link\">Cliquez ici pour voir les photos<\/a><\/div>\n<\/div>\n\n\n\n<p><\/p>\n\n\n\n<hr class=\"wp-block-separator has-alpha-channel-opacity\"\/>\n","protected":false},"excerpt":{"rendered":"<p>La Galette des Amis de La Hume du samedi 14 janvier 2023 Les Amis de La Hume se sont r\u00e9unis le samedi 14 janvier 2023 pour c\u00e9l\u00e9brer la nouvelle ann\u00e9e autour d&rsquo;une d\u00e9licieuse galette. Sortie \u00e0 Saint Emilion le dimanche 16 avril 2023 Les Amis de La Hume sont all\u00e9s le Dimanche,che 16 avril passer &hellip; <\/p>\n<p class=\"link-more\"><a href=\"https:\/\/lesamisdelahume.fr\/index.php\/2023-2\/\" class=\"more-link\">Continuer la lecture<span class=\"screen-reader-text\"> de &laquo;&nbsp;Entre nous &#8211; 2023&nbsp;&raquo;<\/span><\/a><\/p>\n","protected":false},"author":4,"featured_media":0,"parent":0,"menu_order":0,"comment_status":"closed","ping_status":"closed","template":"","meta":{"footnotes":""},"class_list":["post-537","page","type-page","status-publish","hentry"],"yoast_head":"<!-- This site is optimized with the Yoast SEO plugin v27.0 - https:\/\/yoast.com\/product\/yoast-seo-wordpress\/ -->\n<title>Entre nous - 2023 - Les Amis de la Hume<\/title>\n<meta name=\"robots\" content=\"index, follow, max-snippet:-1, max-image-preview:large, max-video-preview:-1\" \/>\n<link rel=\"canonical\" href=\"https:\/\/lesamisdelahume.fr\/index.php\/2023-2\/\" \/>\n<meta property=\"og:locale\" content=\"fr_FR\" \/>\n<meta property=\"og:type\" content=\"article\" \/>\n<meta property=\"og:title\" content=\"Entre nous - 2023 - Les Amis de la Hume\" \/>\n<meta property=\"og:description\" content=\"La Galette des Amis de La Hume du samedi 14 janvier 2023 Les Amis de La Hume se sont r\u00e9unis le samedi 14 janvier 2023 pour c\u00e9l\u00e9brer la nouvelle ann\u00e9e autour d&rsquo;une d\u00e9licieuse galette. Sortie \u00e0 Saint Emilion le dimanche 16 avril 2023 Les Amis de La Hume sont all\u00e9s le Dimanche,che 16 avril passer &hellip; Continuer la lecture de &laquo;&nbsp;Entre nous &#8211; 2023&nbsp;&raquo;\" \/>\n<meta property=\"og:url\" content=\"https:\/\/lesamisdelahume.fr\/index.php\/2023-2\/\" \/>\n<meta property=\"og:site_name\" content=\"Les Amis de la Hume\" \/>\n<meta property=\"article:modified_time\" content=\"2025-03-23T16:41:25+00:00\" \/>\n<meta property=\"og:image\" content=\"http:\/\/lesamisdelahume.fr\/wp-content\/uploads\/2023\/01\/IMG_2418-1024x683.jpg\" \/>\n<meta name=\"twitter:card\" content=\"summary_large_image\" \/>\n<meta name=\"twitter:label1\" content=\"Dur\u00e9e de lecture estim\u00e9e\" \/>\n\t<meta name=\"twitter:data1\" content=\"3 minutes\" \/>\n<script type=\"application\/ld+json\" class=\"yoast-schema-graph\">{\"@context\":\"https:\/\/schema.org\",\"@graph\":[{\"@type\":\"WebPage\",\"@id\":\"https:\/\/lesamisdelahume.fr\/index.php\/2023-2\/\",\"url\":\"https:\/\/lesamisdelahume.fr\/index.php\/2023-2\/\",\"name\":\"Entre nous - 2023 - Les Amis de la Hume\",\"isPartOf\":{\"@id\":\"http:\/\/lesamisdelahume.fr\/#website\"},\"primaryImageOfPage\":{\"@id\":\"https:\/\/lesamisdelahume.fr\/index.php\/2023-2\/#primaryimage\"},\"image\":{\"@id\":\"https:\/\/lesamisdelahume.fr\/index.php\/2023-2\/#primaryimage\"},\"thumbnailUrl\":\"http:\/\/lesamisdelahume.fr\/wp-content\/uploads\/2023\/01\/IMG_2418-1024x683.jpg\",\"datePublished\":\"2023-01-20T07:58:25+00:00\",\"dateModified\":\"2025-03-23T16:41:25+00:00\",\"breadcrumb\":{\"@id\":\"https:\/\/lesamisdelahume.fr\/index.php\/2023-2\/#breadcrumb\"},\"inLanguage\":\"fr-FR\",\"potentialAction\":[{\"@type\":\"ReadAction\",\"target\":[\"https:\/\/lesamisdelahume.fr\/index.php\/2023-2\/\"]}]},{\"@type\":\"ImageObject\",\"inLanguage\":\"fr-FR\",\"@id\":\"https:\/\/lesamisdelahume.fr\/index.php\/2023-2\/#primaryimage\",\"url\":\"\",\"contentUrl\":\"\"},{\"@type\":\"BreadcrumbList\",\"@id\":\"https:\/\/lesamisdelahume.fr\/index.php\/2023-2\/#breadcrumb\",\"itemListElement\":[{\"@type\":\"ListItem\",\"position\":1,\"name\":\"Accueil\",\"item\":\"https:\/\/lesamisdelahume.fr\/\"},{\"@type\":\"ListItem\",\"position\":2,\"name\":\"Entre nous &#8211; 2023\"}]},{\"@type\":\"WebSite\",\"@id\":\"http:\/\/lesamisdelahume.fr\/#website\",\"url\":\"http:\/\/lesamisdelahume.fr\/\",\"name\":\"Les Amis de la Hume\",\"description\":\"Association loi 1901\",\"potentialAction\":[{\"@type\":\"SearchAction\",\"target\":{\"@type\":\"EntryPoint\",\"urlTemplate\":\"http:\/\/lesamisdelahume.fr\/?s={search_term_string}\"},\"query-input\":{\"@type\":\"PropertyValueSpecification\",\"valueRequired\":true,\"valueName\":\"search_term_string\"}}],\"inLanguage\":\"fr-FR\"}]}<\/script>\n<!-- \/ Yoast SEO plugin. -->","yoast_head_json":{"title":"Entre nous - 2023 - Les Amis de la Hume","robots":{"index":"index","follow":"follow","max-snippet":"max-snippet:-1","max-image-preview":"max-image-preview:large","max-video-preview":"max-video-preview:-1"},"canonical":"https:\/\/lesamisdelahume.fr\/index.php\/2023-2\/","og_locale":"fr_FR","og_type":"article","og_title":"Entre nous - 2023 - Les Amis de la Hume","og_description":"La Galette des Amis de La Hume du samedi 14 janvier 2023 Les Amis de La Hume se sont r\u00e9unis le samedi 14 janvier 2023 pour c\u00e9l\u00e9brer la nouvelle ann\u00e9e autour d&rsquo;une d\u00e9licieuse galette. Sortie \u00e0 Saint Emilion le dimanche 16 avril 2023 Les Amis de La Hume sont all\u00e9s le Dimanche,che 16 avril passer &hellip; Continuer la lecture de &laquo;&nbsp;Entre nous &#8211; 2023&nbsp;&raquo;","og_url":"https:\/\/lesamisdelahume.fr\/index.php\/2023-2\/","og_site_name":"Les Amis de la Hume","article_modified_time":"2025-03-23T16:41:25+00:00","og_image":[{"url":"http:\/\/lesamisdelahume.fr\/wp-content\/uploads\/2023\/01\/IMG_2418-1024x683.jpg","type":"","width":"","height":""}],"twitter_card":"summary_large_image","twitter_misc":{"Dur\u00e9e de lecture estim\u00e9e":"3 minutes"},"schema":{"@context":"https:\/\/schema.org","@graph":[{"@type":"WebPage","@id":"https:\/\/lesamisdelahume.fr\/index.php\/2023-2\/","url":"https:\/\/lesamisdelahume.fr\/index.php\/2023-2\/","name":"Entre nous - 2023 - Les Amis de la Hume","isPartOf":{"@id":"http:\/\/lesamisdelahume.fr\/#website"},"primaryImageOfPage":{"@id":"https:\/\/lesamisdelahume.fr\/index.php\/2023-2\/#primaryimage"},"image":{"@id":"https:\/\/lesamisdelahume.fr\/index.php\/2023-2\/#primaryimage"},"thumbnailUrl":"http:\/\/lesamisdelahume.fr\/wp-content\/uploads\/2023\/01\/IMG_2418-1024x683.jpg","datePublished":"2023-01-20T07:58:25+00:00","dateModified":"2025-03-23T16:41:25+00:00","breadcrumb":{"@id":"https:\/\/lesamisdelahume.fr\/index.php\/2023-2\/#breadcrumb"},"inLanguage":"fr-FR","potentialAction":[{"@type":"ReadAction","target":["https:\/\/lesamisdelahume.fr\/index.php\/2023-2\/"]}]},{"@type":"ImageObject","inLanguage":"fr-FR","@id":"https:\/\/lesamisdelahume.fr\/index.php\/2023-2\/#primaryimage","url":"","contentUrl":""},{"@type":"BreadcrumbList","@id":"https:\/\/lesamisdelahume.fr\/index.php\/2023-2\/#breadcrumb","itemListElement":[{"@type":"ListItem","position":1,"name":"Accueil","item":"https:\/\/lesamisdelahume.fr\/"},{"@type":"ListItem","position":2,"name":"Entre nous &#8211; 2023"}]},{"@type":"WebSite","@id":"http:\/\/lesamisdelahume.fr\/#website","url":"http:\/\/lesamisdelahume.fr\/","name":"Les Amis de la Hume","description":"Association loi 1901","potentialAction":[{"@type":"SearchAction","target":{"@type":"EntryPoint","urlTemplate":"http:\/\/lesamisdelahume.fr\/?s={search_term_string}"},"query-input":{"@type":"PropertyValueSpecification","valueRequired":true,"valueName":"search_term_string"}}],"inLanguage":"fr-FR"}]}},"_links":{"self":[{"href":"https:\/\/lesamisdelahume.fr\/index.php\/wp-json\/wp\/v2\/pages\/537","targetHints":{"allow":["GET"]}}],"collection":[{"href":"https:\/\/lesamisdelahume.fr\/index.php\/wp-json\/wp\/v2\/pages"}],"about":[{"href":"https:\/\/lesamisdelahume.fr\/index.php\/wp-json\/wp\/v2\/types\/page"}],"author":[{"embeddable":true,"href":"https:\/\/lesamisdelahume.fr\/index.php\/wp-json\/wp\/v2\/users\/4"}],"replies":[{"embeddable":true,"href":"https:\/\/lesamisdelahume.fr\/index.php\/wp-json\/wp\/v2\/comments?post=537"}],"version-history":[{"count":13,"href":"https:\/\/lesamisdelahume.fr\/index.php\/wp-json\/wp\/v2\/pages\/537\/revisions"}],"predecessor-version":[{"id":1084,"href":"https:\/\/lesamisdelahume.fr\/index.php\/wp-json\/wp\/v2\/pages\/537\/revisions\/1084"}],"wp:attachment":[{"href":"https:\/\/lesamisdelahume.fr\/index.php\/wp-json\/wp\/v2\/media?parent=537"}],"curies":[{"name":"wp","href":"https:\/\/api.w.org\/{rel}","templated":true}]}}