{"id":549,"date":"2023-02-17T20:11:59","date_gmt":"2023-02-17T19:11:59","guid":{"rendered":"http:\/\/lesamisdelahume.fr\/?page_id=549"},"modified":"2025-01-30T18:34:06","modified_gmt":"2025-01-30T17:34:06","slug":"2023-4","status":"publish","type":"page","link":"https:\/\/lesamisdelahume.fr\/index.php\/2023-4\/","title":{"rendered":"2023"},"content":{"rendered":"\n<h1 class=\"wp-block-heading\"><strong>Programme 2023<\/strong><\/h1>\n\n\n\n<p>Voici le programme pour l&rsquo;ann\u00e9e 2023:<\/p>\n\n\n\n<p>18 Mars 2023 :&nbsp;ASSEMBLEE GENERALE<br>Rendez vous \u00e0 partir de 18 h \u00e0 la maison des associations&nbsp;<\/p>\n\n\n\n<p>16 Avril 2023 : Sortie \u00e0&nbsp;SAINT-EMILION.&nbsp;Visite par un guide, repas de midi, visite ch\u00e2teau, d\u00e9gustation&#8230;&nbsp;<\/p>\n\n\n\n<p>11 au 14 Mai 2023 : Voyage \u2013 s\u00e9jour dans le&nbsp;MORBIHAN&nbsp;4 jours.&nbsp;<\/p>\n\n\n\n<p>30 Juin au 1 Juillet 2023 : En partenariat avec la M\u00e9diath\u00e8que Michel BEZIAN :&nbsp;VENTE de LIVRES&nbsp;et pr\u00e9sence du&nbsp;TRICO&rsquo;THE,&nbsp;Solidaire, \u00e0 la Maison des Arts, au profit du T\u00e9l\u00e9thon.&nbsp;<\/p>\n\n\n\n<p>8 Juillet 2023 :&nbsp;SARDINADE&nbsp;<\/p>\n\n\n\n<p>14 Juillet 2023 :&nbsp;COURSE PEDESTRE<br>\u00e0 la Ch\u00eaneraie Rendez vous 8 h 30 \u00e0 13 h&nbsp;<\/p>\n\n\n\n<p>5 Ao\u00fbt 2023 :&nbsp;SARDINADE<\/p>\n\n\n\n<p><br>2 Septembre 2023 :&nbsp;SARDINADE&nbsp;<\/p>\n\n\n\n<p>Octobre 2023 : Journ\u00e9e&nbsp;CHAMPIGNONS.&nbsp;\u00c0 la Ch\u00eaneraie de 10 h \u00e0 12 h&nbsp;<\/p>\n\n\n\n<p><\/p>\n\n\n\n<hr class=\"wp-block-separator has-alpha-channel-opacity\"\/>\n\n\n\n<p><\/p>\n\n\n\n<h1 class=\"wp-block-heading\"><strong>Assembl\u00e9e g\u00e9n\u00e9rale des Amis de La Hume du samedi 18 mars 2023<\/strong><\/h1>\n\n\n\n<p>Le samedi 18 mars, les b\u00e9n\u00e9voles de l&rsquo;association se sont retrouv\u00e9s \u00e0 la maison des Associations pour l&rsquo;assembl\u00e9e g\u00e9n\u00e9rale.<\/p>\n\n\n\n<div class=\"wp-block-buttons is-layout-flex wp-block-buttons-is-layout-flex\">\n<div class=\"wp-block-button is-style-outline is-style-outline--1\"><a class=\"wp-block-button__link wp-element-button\" href=\"https:\/\/drive.google.com\/drive\/folders\/1byicBWCl9qdeDJkTR2naF2ttA3zBQlN8?usp=share_link\" target=\"_blank\" rel=\"noreferrer noopener\">Cliquez ici pour voir les photos<\/a><\/div>\n<\/div>\n\n\n\n<hr class=\"wp-block-separator has-alpha-channel-opacity\"\/>\n\n\n\n<h1 class=\"wp-block-heading\"><strong>Course p\u00e9destre du vendredi 14 juillet 2023<\/strong><\/h1>\n\n\n\n<p>Voici les photos de la course p\u00e9destre qui a eut lieu le vendredi 14 juillet 2023 dans le parc de la Ch\u00eaneraie.<\/p>\n\n\n\n<figure class=\"wp-block-image size-large\"><img loading=\"lazy\" decoding=\"async\" width=\"1024\" height=\"683\" src=\"http:\/\/lesamisdelahume.fr\/wp-content\/uploads\/2023\/07\/IMG_2473-1024x683.jpg\" alt=\"\" class=\"wp-image-633\" srcset=\"https:\/\/lesamisdelahume.fr\/wp-content\/uploads\/2023\/07\/IMG_2473-1024x683.jpg 1024w, https:\/\/lesamisdelahume.fr\/wp-content\/uploads\/2023\/07\/IMG_2473-300x200.jpg 300w, https:\/\/lesamisdelahume.fr\/wp-content\/uploads\/2023\/07\/IMG_2473-768x512.jpg 768w, https:\/\/lesamisdelahume.fr\/wp-content\/uploads\/2023\/07\/IMG_2473-1536x1024.jpg 1536w, https:\/\/lesamisdelahume.fr\/wp-content\/uploads\/2023\/07\/IMG_2473.jpg 2048w\" sizes=\"auto, (max-width: 767px) 89vw, (max-width: 1000px) 54vw, (max-width: 1071px) 543px, 580px\" \/><\/figure>\n\n\n\n<div class=\"wp-block-buttons is-layout-flex wp-block-buttons-is-layout-flex\">\n<div class=\"wp-block-button is-style-outline is-style-outline--2\"><a class=\"wp-block-button__link wp-element-button\" href=\"https:\/\/drive.google.com\/drive\/folders\/1_2r718zJkUvF1HpaIlwcsaPxOj2GnvZ5?usp=share_link\" target=\"_blank\" rel=\"noreferrer noopener\">Cliquez-ici pour voir les photos<\/a><\/div>\n<\/div>\n\n\n\n<hr class=\"wp-block-separator has-alpha-channel-opacity\"\/>\n\n\n\n<h1 class=\"wp-block-heading\"><strong>Photos de la sardinade du samedi 8 juillet 2023<\/strong><\/h1>\n\n\n\n<p><\/p>\n\n\n\n<p>Voici les photos de la sardinade du samedi 8 juillet. Du soleil, de la chaleur et de la bonne humeur.<\/p>\n\n\n\n<p><\/p>\n\n\n\n<figure class=\"wp-block-image size-large\"><img loading=\"lazy\" decoding=\"async\" width=\"1024\" height=\"683\" src=\"http:\/\/lesamisdelahume.fr\/wp-content\/uploads\/2023\/08\/IMG_8460-1024x683.jpg\" alt=\"\" class=\"wp-image-646\" srcset=\"https:\/\/lesamisdelahume.fr\/wp-content\/uploads\/2023\/08\/IMG_8460-1024x683.jpg 1024w, https:\/\/lesamisdelahume.fr\/wp-content\/uploads\/2023\/08\/IMG_8460-300x200.jpg 300w, https:\/\/lesamisdelahume.fr\/wp-content\/uploads\/2023\/08\/IMG_8460-768x512.jpg 768w, https:\/\/lesamisdelahume.fr\/wp-content\/uploads\/2023\/08\/IMG_8460-1536x1024.jpg 1536w, https:\/\/lesamisdelahume.fr\/wp-content\/uploads\/2023\/08\/IMG_8460-2048x1365.jpg 2048w\" sizes=\"auto, (max-width: 767px) 89vw, (max-width: 1000px) 54vw, (max-width: 1071px) 543px, 580px\" \/><\/figure>\n\n\n\n<div class=\"wp-block-buttons is-layout-flex wp-block-buttons-is-layout-flex\">\n<div class=\"wp-block-button is-style-outline is-style-outline--3\"><a class=\"wp-block-button__link wp-element-button\" href=\"https:\/\/drive.google.com\/drive\/folders\/1iJ7-O0TNbMwL9dY9ejS8Na5usL3p93De?usp=share_link\">Cliquez ici pour voir les photos<\/a><\/div>\n<\/div>\n\n\n\n<p><\/p>\n\n\n\n<hr class=\"wp-block-separator has-alpha-channel-opacity\"\/>\n\n\n\n<h1 class=\"wp-block-heading\"><strong>Photos de la sardinade du samedi 5 ao\u00fbt 2023<\/strong><\/h1>\n\n\n\n<p><\/p>\n\n\n\n<p>Malgr\u00e9 la pluie et un temps d&rsquo;automne, la f\u00eate f\u00fbt un grand succ\u00e8s.<\/p>\n\n\n\n<p><\/p>\n\n\n\n<figure class=\"wp-block-image size-large\"><img loading=\"lazy\" decoding=\"async\" width=\"1024\" height=\"461\" src=\"http:\/\/lesamisdelahume.fr\/wp-content\/uploads\/2023\/08\/20230805_201232-1024x461.jpg\" alt=\"\" class=\"wp-image-647\" srcset=\"https:\/\/lesamisdelahume.fr\/wp-content\/uploads\/2023\/08\/20230805_201232-1024x461.jpg 1024w, https:\/\/lesamisdelahume.fr\/wp-content\/uploads\/2023\/08\/20230805_201232-300x135.jpg 300w, https:\/\/lesamisdelahume.fr\/wp-content\/uploads\/2023\/08\/20230805_201232-768x346.jpg 768w, https:\/\/lesamisdelahume.fr\/wp-content\/uploads\/2023\/08\/20230805_201232-1536x692.jpg 1536w, https:\/\/lesamisdelahume.fr\/wp-content\/uploads\/2023\/08\/20230805_201232-2048x922.jpg 2048w\" sizes=\"auto, (max-width: 767px) 89vw, (max-width: 1000px) 54vw, (max-width: 1071px) 543px, 580px\" \/><\/figure>\n\n\n\n<div class=\"wp-block-buttons is-layout-flex wp-block-buttons-is-layout-flex\">\n<div class=\"wp-block-button is-style-outline is-style-outline--4\"><a class=\"wp-block-button__link wp-element-button\" href=\"https:\/\/drive.google.com\/drive\/folders\/1HgLv1Bgn1H4cu4JWs7cnJW3QJFhKVHGl?usp=share_link\">Cliquez ici pour voir les photos<\/a><\/div>\n<\/div>\n\n\n\n<p><\/p>\n\n\n\n<hr class=\"wp-block-separator has-alpha-channel-opacity\"\/>\n\n\n\n<h1 class=\"wp-block-heading\"><strong>Photos de la sardinade du samedi 2 septembre 2023<\/strong><\/h1>\n\n\n\n<p>Malgr\u00e9 un temps gris et pluvieux en milieu de soir\u00e9e, encore une belle soir\u00e9e avec Les Amis de La Hume.<\/p>\n\n\n\n<p>Merci \u00e0 Jeff Tulussi pour toutes les tr\u00e8s belles photos qu&rsquo;il a faite durant toute la saison estivale.<\/p>\n\n\n\n<p><\/p>\n\n\n\n<figure class=\"wp-block-image size-full\"><img loading=\"lazy\" decoding=\"async\" width=\"443\" height=\"323\" src=\"http:\/\/lesamisdelahume.fr\/wp-content\/uploads\/2023\/09\/Sardinades-2-Septembre-2023c.jpg\" alt=\"\" class=\"wp-image-671\" srcset=\"https:\/\/lesamisdelahume.fr\/wp-content\/uploads\/2023\/09\/Sardinades-2-Septembre-2023c.jpg 443w, https:\/\/lesamisdelahume.fr\/wp-content\/uploads\/2023\/09\/Sardinades-2-Septembre-2023c-300x219.jpg 300w\" sizes=\"auto, (max-width: 443px) 100vw, 443px\" \/><\/figure>\n\n\n\n<div class=\"wp-block-buttons is-layout-flex wp-block-buttons-is-layout-flex\">\n<div class=\"wp-block-button is-style-outline is-style-outline--5\"><a class=\"wp-block-button__link wp-element-button\" href=\"https:\/\/drive.google.com\/drive\/folders\/1olO3AR-I3c4mEEcCgvFeUSfuSr6B-q1n?usp=share_link\">Cliquez ici pour voir les photos<\/a><\/div>\n<\/div>\n\n\n\n<p><\/p>\n\n\n\n<hr class=\"wp-block-separator has-alpha-channel-opacity\"\/>\n\n\n\n<h1 class=\"wp-block-heading\"><strong>Journ\u00e9e champignons le dimanche 29 octobre 2023<\/strong><\/h1>\n\n\n\n<p><br><strong>ATTENTION : En raison des intemp\u00e9ries annonc\u00e9es,\u00a0la journ\u00e9e champignons du\u00a0dimanche 29 octobre est annul\u00e9e.<\/strong><\/p>\n\n\n\n<p>L\u2019association Les Amis de La Hume organise, en partenariat avec la Soci\u00e9t\u00e9 Lin\u00e9enne de Bordeaux, une journ\u00e9e champignons.<\/p>\n\n\n\n<ul class=\"wp-block-list\">\n<li>10h&nbsp;: rendez-vous au Parc de la Ch\u00eaneraie pour la cueillette (pr\u00e9voir un panier). Ouvert \u00e0 tous<\/li>\n\n\n\n<li>de 14h \u00e0 17h : Exposition comment\u00e9e par la Soci\u00e9t\u00e9 Lin\u00e9enne de Bordeaux au Parc de la Ch\u00eaneraie. Gratuit.<\/li>\n<\/ul>\n\n\n\n<p>Renseignements Les Amis de La hume 06 45 19 93 99<\/p>\n\n\n\n<p><\/p>\n\n\n\n<figure class=\"wp-block-image size-full is-resized\"><img loading=\"lazy\" decoding=\"async\" width=\"640\" height=\"360\" src=\"http:\/\/lesamisdelahume.fr\/wp-content\/uploads\/2022\/10\/Journee-champignon.jpg\" alt=\"\" class=\"wp-image-505\" style=\"aspect-ratio:1.7777777777777777;width:673px;height:auto\" srcset=\"https:\/\/lesamisdelahume.fr\/wp-content\/uploads\/2022\/10\/Journee-champignon.jpg 640w, https:\/\/lesamisdelahume.fr\/wp-content\/uploads\/2022\/10\/Journee-champignon-300x169.jpg 300w\" sizes=\"auto, (max-width: 640px) 100vw, 640px\" \/><\/figure>\n\n\n\n<p><\/p>\n\n\n\n<p><br><\/p>\n\n\n\n<hr class=\"wp-block-separator has-alpha-channel-opacity\"\/>\n","protected":false},"excerpt":{"rendered":"<p>Programme 2023 Voici le programme pour l&rsquo;ann\u00e9e 2023: 18 Mars 2023 :&nbsp;ASSEMBLEE GENERALERendez vous \u00e0 partir de 18 h \u00e0 la maison des associations&nbsp; 16 Avril 2023 : Sortie \u00e0&nbsp;SAINT-EMILION.&nbsp;Visite par un guide, repas de midi, visite ch\u00e2teau, d\u00e9gustation&#8230;&nbsp; 11 au 14 Mai 2023 : Voyage \u2013 s\u00e9jour dans le&nbsp;MORBIHAN&nbsp;4 jours.&nbsp; 30 Juin au 1 &hellip; <\/p>\n<p class=\"link-more\"><a href=\"https:\/\/lesamisdelahume.fr\/index.php\/2023-4\/\" class=\"more-link\">Continuer la lecture<span class=\"screen-reader-text\"> de &laquo;&nbsp;2023&nbsp;&raquo;<\/span><\/a><\/p>\n","protected":false},"author":4,"featured_media":0,"parent":0,"menu_order":3,"comment_status":"closed","ping_status":"closed","template":"","meta":{"footnotes":""},"class_list":["post-549","page","type-page","status-publish","hentry"],"yoast_head":"<!-- This site is optimized with the Yoast SEO plugin v27.0 - https:\/\/yoast.com\/product\/yoast-seo-wordpress\/ -->\n<title>2023 - Les Amis de la Hume<\/title>\n<meta name=\"robots\" content=\"index, follow, max-snippet:-1, max-image-preview:large, max-video-preview:-1\" \/>\n<link rel=\"canonical\" href=\"http:\/\/lesamisdelahume.fr\/index.php\/2023-4\/\" \/>\n<meta property=\"og:locale\" content=\"fr_FR\" \/>\n<meta property=\"og:type\" content=\"article\" \/>\n<meta property=\"og:title\" content=\"2023 - Les Amis de la Hume\" \/>\n<meta property=\"og:description\" content=\"Programme 2023 Voici le programme pour l&rsquo;ann\u00e9e 2023: 18 Mars 2023 :&nbsp;ASSEMBLEE GENERALERendez vous \u00e0 partir de 18 h \u00e0 la maison des associations&nbsp; 16 Avril 2023 : Sortie \u00e0&nbsp;SAINT-EMILION.&nbsp;Visite par un guide, repas de midi, visite ch\u00e2teau, d\u00e9gustation&#8230;&nbsp; 11 au 14 Mai 2023 : Voyage \u2013 s\u00e9jour dans le&nbsp;MORBIHAN&nbsp;4 jours.&nbsp; 30 Juin au 1 &hellip; Continuer la lecture de &laquo;&nbsp;2023&nbsp;&raquo;\" \/>\n<meta property=\"og:url\" content=\"http:\/\/lesamisdelahume.fr\/index.php\/2023-4\/\" \/>\n<meta property=\"og:site_name\" content=\"Les Amis de la Hume\" \/>\n<meta property=\"article:modified_time\" content=\"2025-01-30T17:34:06+00:00\" \/>\n<meta property=\"og:image\" content=\"http:\/\/lesamisdelahume.fr\/wp-content\/uploads\/2023\/07\/IMG_2473-1024x683.jpg\" \/>\n<meta name=\"twitter:card\" content=\"summary_large_image\" \/>\n<meta name=\"twitter:label1\" content=\"Dur\u00e9e de lecture estim\u00e9e\" \/>\n\t<meta name=\"twitter:data1\" content=\"4 minutes\" \/>\n<script type=\"application\/ld+json\" class=\"yoast-schema-graph\">{\"@context\":\"https:\/\/schema.org\",\"@graph\":[{\"@type\":\"WebPage\",\"@id\":\"http:\/\/lesamisdelahume.fr\/index.php\/2023-4\/\",\"url\":\"http:\/\/lesamisdelahume.fr\/index.php\/2023-4\/\",\"name\":\"2023 - Les Amis de la Hume\",\"isPartOf\":{\"@id\":\"http:\/\/lesamisdelahume.fr\/#website\"},\"primaryImageOfPage\":{\"@id\":\"http:\/\/lesamisdelahume.fr\/index.php\/2023-4\/#primaryimage\"},\"image\":{\"@id\":\"http:\/\/lesamisdelahume.fr\/index.php\/2023-4\/#primaryimage\"},\"thumbnailUrl\":\"http:\/\/lesamisdelahume.fr\/wp-content\/uploads\/2023\/07\/IMG_2473-1024x683.jpg\",\"datePublished\":\"2023-02-17T19:11:59+00:00\",\"dateModified\":\"2025-01-30T17:34:06+00:00\",\"breadcrumb\":{\"@id\":\"http:\/\/lesamisdelahume.fr\/index.php\/2023-4\/#breadcrumb\"},\"inLanguage\":\"fr-FR\",\"potentialAction\":[{\"@type\":\"ReadAction\",\"target\":[\"http:\/\/lesamisdelahume.fr\/index.php\/2023-4\/\"]}]},{\"@type\":\"ImageObject\",\"inLanguage\":\"fr-FR\",\"@id\":\"http:\/\/lesamisdelahume.fr\/index.php\/2023-4\/#primaryimage\",\"url\":\"https:\/\/lesamisdelahume.fr\/wp-content\/uploads\/2023\/07\/IMG_2473.jpg\",\"contentUrl\":\"https:\/\/lesamisdelahume.fr\/wp-content\/uploads\/2023\/07\/IMG_2473.jpg\",\"width\":2048,\"height\":1365},{\"@type\":\"BreadcrumbList\",\"@id\":\"http:\/\/lesamisdelahume.fr\/index.php\/2023-4\/#breadcrumb\",\"itemListElement\":[{\"@type\":\"ListItem\",\"position\":1,\"name\":\"Accueil\",\"item\":\"https:\/\/lesamisdelahume.fr\/\"},{\"@type\":\"ListItem\",\"position\":2,\"name\":\"2023\"}]},{\"@type\":\"WebSite\",\"@id\":\"http:\/\/lesamisdelahume.fr\/#website\",\"url\":\"http:\/\/lesamisdelahume.fr\/\",\"name\":\"Les Amis de la Hume\",\"description\":\"Association loi 1901\",\"potentialAction\":[{\"@type\":\"SearchAction\",\"target\":{\"@type\":\"EntryPoint\",\"urlTemplate\":\"http:\/\/lesamisdelahume.fr\/?s={search_term_string}\"},\"query-input\":{\"@type\":\"PropertyValueSpecification\",\"valueRequired\":true,\"valueName\":\"search_term_string\"}}],\"inLanguage\":\"fr-FR\"}]}<\/script>\n<!-- \/ Yoast SEO plugin. -->","yoast_head_json":{"title":"2023 - Les Amis de la Hume","robots":{"index":"index","follow":"follow","max-snippet":"max-snippet:-1","max-image-preview":"max-image-preview:large","max-video-preview":"max-video-preview:-1"},"canonical":"http:\/\/lesamisdelahume.fr\/index.php\/2023-4\/","og_locale":"fr_FR","og_type":"article","og_title":"2023 - Les Amis de la Hume","og_description":"Programme 2023 Voici le programme pour l&rsquo;ann\u00e9e 2023: 18 Mars 2023 :&nbsp;ASSEMBLEE GENERALERendez vous \u00e0 partir de 18 h \u00e0 la maison des associations&nbsp; 16 Avril 2023 : Sortie \u00e0&nbsp;SAINT-EMILION.&nbsp;Visite par un guide, repas de midi, visite ch\u00e2teau, d\u00e9gustation&#8230;&nbsp; 11 au 14 Mai 2023 : Voyage \u2013 s\u00e9jour dans le&nbsp;MORBIHAN&nbsp;4 jours.&nbsp; 30 Juin au 1 &hellip; Continuer la lecture de &laquo;&nbsp;2023&nbsp;&raquo;","og_url":"http:\/\/lesamisdelahume.fr\/index.php\/2023-4\/","og_site_name":"Les Amis de la Hume","article_modified_time":"2025-01-30T17:34:06+00:00","og_image":[{"url":"http:\/\/lesamisdelahume.fr\/wp-content\/uploads\/2023\/07\/IMG_2473-1024x683.jpg","type":"","width":"","height":""}],"twitter_card":"summary_large_image","twitter_misc":{"Dur\u00e9e de lecture estim\u00e9e":"4 minutes"},"schema":{"@context":"https:\/\/schema.org","@graph":[{"@type":"WebPage","@id":"http:\/\/lesamisdelahume.fr\/index.php\/2023-4\/","url":"http:\/\/lesamisdelahume.fr\/index.php\/2023-4\/","name":"2023 - Les Amis de la Hume","isPartOf":{"@id":"http:\/\/lesamisdelahume.fr\/#website"},"primaryImageOfPage":{"@id":"http:\/\/lesamisdelahume.fr\/index.php\/2023-4\/#primaryimage"},"image":{"@id":"http:\/\/lesamisdelahume.fr\/index.php\/2023-4\/#primaryimage"},"thumbnailUrl":"http:\/\/lesamisdelahume.fr\/wp-content\/uploads\/2023\/07\/IMG_2473-1024x683.jpg","datePublished":"2023-02-17T19:11:59+00:00","dateModified":"2025-01-30T17:34:06+00:00","breadcrumb":{"@id":"http:\/\/lesamisdelahume.fr\/index.php\/2023-4\/#breadcrumb"},"inLanguage":"fr-FR","potentialAction":[{"@type":"ReadAction","target":["http:\/\/lesamisdelahume.fr\/index.php\/2023-4\/"]}]},{"@type":"ImageObject","inLanguage":"fr-FR","@id":"http:\/\/lesamisdelahume.fr\/index.php\/2023-4\/#primaryimage","url":"https:\/\/lesamisdelahume.fr\/wp-content\/uploads\/2023\/07\/IMG_2473.jpg","contentUrl":"https:\/\/lesamisdelahume.fr\/wp-content\/uploads\/2023\/07\/IMG_2473.jpg","width":2048,"height":1365},{"@type":"BreadcrumbList","@id":"http:\/\/lesamisdelahume.fr\/index.php\/2023-4\/#breadcrumb","itemListElement":[{"@type":"ListItem","position":1,"name":"Accueil","item":"https:\/\/lesamisdelahume.fr\/"},{"@type":"ListItem","position":2,"name":"2023"}]},{"@type":"WebSite","@id":"http:\/\/lesamisdelahume.fr\/#website","url":"http:\/\/lesamisdelahume.fr\/","name":"Les Amis de la Hume","description":"Association loi 1901","potentialAction":[{"@type":"SearchAction","target":{"@type":"EntryPoint","urlTemplate":"http:\/\/lesamisdelahume.fr\/?s={search_term_string}"},"query-input":{"@type":"PropertyValueSpecification","valueRequired":true,"valueName":"search_term_string"}}],"inLanguage":"fr-FR"}]}},"_links":{"self":[{"href":"https:\/\/lesamisdelahume.fr\/index.php\/wp-json\/wp\/v2\/pages\/549","targetHints":{"allow":["GET"]}}],"collection":[{"href":"https:\/\/lesamisdelahume.fr\/index.php\/wp-json\/wp\/v2\/pages"}],"about":[{"href":"https:\/\/lesamisdelahume.fr\/index.php\/wp-json\/wp\/v2\/types\/page"}],"author":[{"embeddable":true,"href":"https:\/\/lesamisdelahume.fr\/index.php\/wp-json\/wp\/v2\/users\/4"}],"replies":[{"embeddable":true,"href":"https:\/\/lesamisdelahume.fr\/index.php\/wp-json\/wp\/v2\/comments?post=549"}],"version-history":[{"count":19,"href":"https:\/\/lesamisdelahume.fr\/index.php\/wp-json\/wp\/v2\/pages\/549\/revisions"}],"predecessor-version":[{"id":896,"href":"https:\/\/lesamisdelahume.fr\/index.php\/wp-json\/wp\/v2\/pages\/549\/revisions\/896"}],"wp:attachment":[{"href":"https:\/\/lesamisdelahume.fr\/index.php\/wp-json\/wp\/v2\/media?parent=549"}],"curies":[{"name":"wp","href":"https:\/\/api.w.org\/{rel}","templated":true}]}}