{"id":691,"date":"2023-11-02T20:26:17","date_gmt":"2023-11-02T19:26:17","guid":{"rendered":"http:\/\/lesamisdelahume.fr\/?page_id=691"},"modified":"2025-03-04T16:38:15","modified_gmt":"2025-03-04T15:38:15","slug":"2024-2","status":"publish","type":"page","link":"https:\/\/lesamisdelahume.fr\/index.php\/2024-2\/","title":{"rendered":"2024"},"content":{"rendered":"\n<h1 class=\"wp-block-heading\"><strong>Les manifestations en 2024\u00a0<\/strong><\/h1>\n\n\n\n<p><\/p>\n\n\n\n<p><\/p>\n\n\n\n<p><strong>Samedi 27 janvier 2024<\/strong>&nbsp;: la galette \u00e0 la Maison des associations.<\/p>\n\n\n\n<p><strong>Samedi 10 f\u00e9vrier 2024<\/strong>&nbsp;:&nbsp;sortie au Mirage \u00e0 Mesos. <\/p>\n\n\n\n<p><strong>Samedi 2 mars 2024<\/strong>&nbsp;:&nbsp;Assembl\u00e9e G\u00e9n\u00e9rale \u00e0 la Maison des associations.<\/p>\n\n\n\n<p><strong>Dimanche 28 avril<\/strong>&nbsp;<strong>2024&nbsp;<\/strong>:&nbsp;sortie \u00e0 l\u2019Amazonie Landaise (courant de Huchet) \u00e0 Moliets. <\/p>\n\n\n\n<p><strong>Samed<\/strong>i&nbsp;<strong>6 juillet&nbsp;<\/strong><strong>2024&nbsp;<\/strong><strong>:&nbsp;<\/strong>sardinade<\/p>\n\n\n\n<figure class=\"wp-block-image size-large\"><img loading=\"lazy\" decoding=\"async\" width=\"1024\" height=\"724\" src=\"https:\/\/lesamisdelahume.fr\/wp-content\/uploads\/2024\/05\/1DBD19B3-85AE-43CF-B40F-29C7C29F843C-1024x724.jpeg\" alt=\"\" class=\"wp-image-719\" srcset=\"https:\/\/lesamisdelahume.fr\/wp-content\/uploads\/2024\/05\/1DBD19B3-85AE-43CF-B40F-29C7C29F843C-1024x724.jpeg 1024w, https:\/\/lesamisdelahume.fr\/wp-content\/uploads\/2024\/05\/1DBD19B3-85AE-43CF-B40F-29C7C29F843C-300x212.jpeg 300w, https:\/\/lesamisdelahume.fr\/wp-content\/uploads\/2024\/05\/1DBD19B3-85AE-43CF-B40F-29C7C29F843C-768x543.jpeg 768w, https:\/\/lesamisdelahume.fr\/wp-content\/uploads\/2024\/05\/1DBD19B3-85AE-43CF-B40F-29C7C29F843C-1536x1086.jpeg 1536w, https:\/\/lesamisdelahume.fr\/wp-content\/uploads\/2024\/05\/1DBD19B3-85AE-43CF-B40F-29C7C29F843C-2048x1448.jpeg 2048w\" sizes=\"auto, (max-width: 767px) 89vw, (max-width: 1000px) 54vw, (max-width: 1071px) 543px, 580px\" \/><\/figure>\n\n\n\n<p><strong>Dimanche 14 juillet&nbsp;2024&nbsp;:&nbsp;<\/strong>course p\u00e9destre au parc de La Ch\u00eaneraie<\/p>\n\n\n\n<figure class=\"wp-block-gallery has-nested-images columns-default is-cropped wp-block-gallery-1 is-layout-flex wp-block-gallery-is-layout-flex\">\n<figure class=\"wp-block-image size-large\"><img loading=\"lazy\" decoding=\"async\" width=\"1024\" height=\"724\" data-id=\"738\" src=\"http:\/\/lesamisdelahume.fr\/wp-content\/uploads\/2024\/05\/Course-pedestre-1-1024x724.jpg\" alt=\"\" class=\"wp-image-738\" srcset=\"https:\/\/lesamisdelahume.fr\/wp-content\/uploads\/2024\/05\/Course-pedestre-1-1024x724.jpg 1024w, https:\/\/lesamisdelahume.fr\/wp-content\/uploads\/2024\/05\/Course-pedestre-1-300x212.jpg 300w, https:\/\/lesamisdelahume.fr\/wp-content\/uploads\/2024\/05\/Course-pedestre-1-768x543.jpg 768w, https:\/\/lesamisdelahume.fr\/wp-content\/uploads\/2024\/05\/Course-pedestre-1-1536x1086.jpg 1536w, https:\/\/lesamisdelahume.fr\/wp-content\/uploads\/2024\/05\/Course-pedestre-1-2048x1448.jpg 2048w\" sizes=\"auto, (max-width: 767px) 89vw, (max-width: 1000px) 54vw, (max-width: 1071px) 543px, 580px\" \/><\/figure>\n<\/figure>\n\n\n\n<p><strong>Retrouver toutes les photos de la journ\u00e9e et les r\u00e9sultats :<\/strong><\/p>\n\n\n\n<div class=\"wp-block-buttons is-layout-flex wp-block-buttons-is-layout-flex\">\n<div class=\"wp-block-button\"><a class=\"wp-block-button__link wp-element-button\" href=\"https:\/\/drive.google.com\/drive\/u\/3\/folders\/1byBGQ56DuDo9KKsUyJ6kUcgAItx3cLXX\">Cliquez ici pour les photos et les r\u00e9sultats<\/a><\/div>\n<\/div>\n\n\n\n<p><\/p>\n\n\n\n<p><\/p>\n\n\n\n<p><strong>Samedi 3 ao\u00fbt&nbsp;<\/strong><strong>2024&nbsp;<\/strong><strong>:&nbsp;<\/strong>sardinade<\/p>\n\n\n\n<figure class=\"wp-block-gallery has-nested-images columns-default is-cropped wp-block-gallery-2 is-layout-flex wp-block-gallery-is-layout-flex\">\n<figure class=\"wp-block-image size-large\"><img loading=\"lazy\" decoding=\"async\" width=\"1024\" height=\"724\" data-id=\"721\" src=\"https:\/\/lesamisdelahume.fr\/wp-content\/uploads\/2024\/05\/D60BB41D-92D4-44A5-8786-88C76AF1D940-1-1024x724.jpeg\" alt=\"\" class=\"wp-image-721\" srcset=\"https:\/\/lesamisdelahume.fr\/wp-content\/uploads\/2024\/05\/D60BB41D-92D4-44A5-8786-88C76AF1D940-1-1024x724.jpeg 1024w, https:\/\/lesamisdelahume.fr\/wp-content\/uploads\/2024\/05\/D60BB41D-92D4-44A5-8786-88C76AF1D940-1-300x212.jpeg 300w, https:\/\/lesamisdelahume.fr\/wp-content\/uploads\/2024\/05\/D60BB41D-92D4-44A5-8786-88C76AF1D940-1-768x543.jpeg 768w, https:\/\/lesamisdelahume.fr\/wp-content\/uploads\/2024\/05\/D60BB41D-92D4-44A5-8786-88C76AF1D940-1-1536x1086.jpeg 1536w, https:\/\/lesamisdelahume.fr\/wp-content\/uploads\/2024\/05\/D60BB41D-92D4-44A5-8786-88C76AF1D940-1-2048x1448.jpeg 2048w\" sizes=\"auto, (max-width: 767px) 89vw, (max-width: 1000px) 54vw, (max-width: 1071px) 543px, 580px\" \/><\/figure>\n<\/figure>\n\n\n\n<p><strong>Samedi<\/strong>&nbsp;<strong>7 septembre&nbsp;<\/strong><strong>2024<\/strong><strong>&nbsp;:&nbsp;<\/strong>sardinade<\/p>\n\n\n\n<figure class=\"wp-block-gallery has-nested-images columns-default is-cropped wp-block-gallery-3 is-layout-flex wp-block-gallery-is-layout-flex\">\n<figure class=\"wp-block-image size-large\"><img loading=\"lazy\" decoding=\"async\" width=\"1024\" height=\"724\" data-id=\"722\" src=\"https:\/\/lesamisdelahume.fr\/wp-content\/uploads\/2024\/05\/35EA918A-BE89-4531-9C67-84022077F7BE-1024x724.jpeg\" alt=\"\" class=\"wp-image-722\" srcset=\"https:\/\/lesamisdelahume.fr\/wp-content\/uploads\/2024\/05\/35EA918A-BE89-4531-9C67-84022077F7BE-1024x724.jpeg 1024w, https:\/\/lesamisdelahume.fr\/wp-content\/uploads\/2024\/05\/35EA918A-BE89-4531-9C67-84022077F7BE-300x212.jpeg 300w, https:\/\/lesamisdelahume.fr\/wp-content\/uploads\/2024\/05\/35EA918A-BE89-4531-9C67-84022077F7BE-768x543.jpeg 768w, https:\/\/lesamisdelahume.fr\/wp-content\/uploads\/2024\/05\/35EA918A-BE89-4531-9C67-84022077F7BE-1536x1086.jpeg 1536w, https:\/\/lesamisdelahume.fr\/wp-content\/uploads\/2024\/05\/35EA918A-BE89-4531-9C67-84022077F7BE-2048x1448.jpeg 2048w\" sizes=\"auto, (max-width: 767px) 89vw, (max-width: 1000px) 54vw, (max-width: 1071px) 543px, 580px\" \/><\/figure>\n<\/figure>\n\n\n\n<p><strong>Samedi 7 et dimanche 8 septembre&nbsp;2024&nbsp;:<\/strong>&nbsp;l\u2019Association pr\u00e9sente au Village des Associations.&nbsp;<\/p>\n\n\n\n<p><strong>Dimanche 27 octobre&nbsp;<\/strong><strong>2024<\/strong><strong>&nbsp;:<\/strong>&nbsp;journ\u00e9e champignon au parc de la Ch\u00eaneraie<\/p>\n\n\n\n<figure class=\"wp-block-image size-large\"><img loading=\"lazy\" decoding=\"async\" width=\"1024\" height=\"724\" src=\"https:\/\/lesamisdelahume.fr\/wp-content\/uploads\/2024\/05\/Journee-champignons-1-1024x724.jpg\" alt=\"\" class=\"wp-image-740\" srcset=\"https:\/\/lesamisdelahume.fr\/wp-content\/uploads\/2024\/05\/Journee-champignons-1-1024x724.jpg 1024w, https:\/\/lesamisdelahume.fr\/wp-content\/uploads\/2024\/05\/Journee-champignons-1-300x212.jpg 300w, https:\/\/lesamisdelahume.fr\/wp-content\/uploads\/2024\/05\/Journee-champignons-1-768x543.jpg 768w, https:\/\/lesamisdelahume.fr\/wp-content\/uploads\/2024\/05\/Journee-champignons-1-1536x1086.jpg 1536w, https:\/\/lesamisdelahume.fr\/wp-content\/uploads\/2024\/05\/Journee-champignons-1-2048x1448.jpg 2048w\" sizes=\"auto, (max-width: 767px) 89vw, (max-width: 1000px) 54vw, (max-width: 1071px) 543px, 580px\" \/><\/figure>\n\n\n\n<p><strong>Attention&nbsp;:&nbsp;<\/strong>les inscriptions aux sorties se feront dor\u00e9navant exclusivement par une fiche d\u2019inscription reprenant les \u00e9l\u00e9ments de la sortie et envoy\u00e9es par mail aux adh\u00e9rents. Ceux-ci la renverront remplie soit par mail, soit en la d\u00e9poseront directement lors des r\u00e9unions du vendredi ou dans la boite aux lettres de l\u2019association au Clos Fleuri.<\/p>\n\n\n\n<p><\/p>\n\n\n\n<hr class=\"wp-block-separator has-alpha-channel-opacity\"\/>\n\n\n\n<h1 class=\"wp-block-heading\"><strong>Assembl\u00e9e g\u00e9n\u00e9rale des Amis de La Hume du samedi 02 mars 2024<\/strong><\/h1>\n\n\n\n<p><\/p>\n\n\n\n<p>Le samedi 02 mars, les b\u00e9n\u00e9voles de l\u2019association se sont retrouv\u00e9s \u00e0 la maison des Associations pour l\u2019assembl\u00e9e g\u00e9n\u00e9rale.<\/p>\n\n\n\n<p><\/p>\n\n\n\n<figure class=\"wp-block-image size-large\"><img loading=\"lazy\" decoding=\"async\" width=\"1024\" height=\"769\" src=\"http:\/\/lesamisdelahume.fr\/wp-content\/uploads\/2024\/04\/1-1024x769.jpg\" alt=\"\" class=\"wp-image-714\" srcset=\"https:\/\/lesamisdelahume.fr\/wp-content\/uploads\/2024\/04\/1-1024x769.jpg 1024w, https:\/\/lesamisdelahume.fr\/wp-content\/uploads\/2024\/04\/1-300x225.jpg 300w, https:\/\/lesamisdelahume.fr\/wp-content\/uploads\/2024\/04\/1-768x577.jpg 768w, https:\/\/lesamisdelahume.fr\/wp-content\/uploads\/2024\/04\/1-1536x1153.jpg 1536w, https:\/\/lesamisdelahume.fr\/wp-content\/uploads\/2024\/04\/1-2048x1538.jpg 2048w\" sizes=\"auto, (max-width: 767px) 89vw, (max-width: 1000px) 54vw, (max-width: 1071px) 543px, 580px\" \/><\/figure>\n\n\n\n<div class=\"wp-block-buttons is-layout-flex wp-block-buttons-is-layout-flex\">\n<div class=\"wp-block-button is-style-outline is-style-outline--4\"><a class=\"wp-block-button__link wp-element-button\" href=\"https:\/\/drive.google.com\/drive\/folders\/16iCqGYlwZl10Rb3Oj2QNRJfnK0OYTXVv?usp=share_link\">Cliquez ici pour voir les photos<\/a><\/div>\n<\/div>\n\n\n\n<hr class=\"wp-block-separator has-alpha-channel-opacity\"\/>\n\n\n\n<p><\/p>\n","protected":false},"excerpt":{"rendered":"<p>Les manifestations en 2024\u00a0 Samedi 27 janvier 2024&nbsp;: la galette \u00e0 la Maison des associations. Samedi 10 f\u00e9vrier 2024&nbsp;:&nbsp;sortie au Mirage \u00e0 Mesos. Samedi 2 mars 2024&nbsp;:&nbsp;Assembl\u00e9e G\u00e9n\u00e9rale \u00e0 la Maison des associations. Dimanche 28 avril&nbsp;2024&nbsp;:&nbsp;sortie \u00e0 l\u2019Amazonie Landaise (courant de Huchet) \u00e0 Moliets. Samedi&nbsp;6 juillet&nbsp;2024&nbsp;:&nbsp;sardinade Dimanche 14 juillet&nbsp;2024&nbsp;:&nbsp;course p\u00e9destre au parc de La Ch\u00eaneraie &hellip; <\/p>\n<p class=\"link-more\"><a href=\"https:\/\/lesamisdelahume.fr\/index.php\/2024-2\/\" class=\"more-link\">Continuer la lecture<span class=\"screen-reader-text\"> de &laquo;&nbsp;2024&nbsp;&raquo;<\/span><\/a><\/p>\n","protected":false},"author":4,"featured_media":0,"parent":0,"menu_order":0,"comment_status":"closed","ping_status":"closed","template":"","meta":{"footnotes":""},"class_list":["post-691","page","type-page","status-publish","hentry"],"yoast_head":"<!-- This site is optimized with the Yoast SEO plugin v27.0 - https:\/\/yoast.com\/product\/yoast-seo-wordpress\/ -->\n<title>2024 - Les Amis de la Hume<\/title>\n<meta name=\"robots\" content=\"index, follow, max-snippet:-1, max-image-preview:large, max-video-preview:-1\" \/>\n<link rel=\"canonical\" href=\"https:\/\/lesamisdelahume.fr\/index.php\/2024-2\/\" \/>\n<meta property=\"og:locale\" content=\"fr_FR\" \/>\n<meta property=\"og:type\" content=\"article\" \/>\n<meta property=\"og:title\" content=\"2024 - Les Amis de la Hume\" \/>\n<meta property=\"og:description\" content=\"Les manifestations en 2024\u00a0 Samedi 27 janvier 2024&nbsp;: la galette \u00e0 la Maison des associations. Samedi 10 f\u00e9vrier 2024&nbsp;:&nbsp;sortie au Mirage \u00e0 Mesos. Samedi 2 mars 2024&nbsp;:&nbsp;Assembl\u00e9e G\u00e9n\u00e9rale \u00e0 la Maison des associations. Dimanche 28 avril&nbsp;2024&nbsp;:&nbsp;sortie \u00e0 l\u2019Amazonie Landaise (courant de Huchet) \u00e0 Moliets. Samedi&nbsp;6 juillet&nbsp;2024&nbsp;:&nbsp;sardinade Dimanche 14 juillet&nbsp;2024&nbsp;:&nbsp;course p\u00e9destre au parc de La Ch\u00eaneraie &hellip; Continuer la lecture de &laquo;&nbsp;2024&nbsp;&raquo;\" \/>\n<meta property=\"og:url\" content=\"https:\/\/lesamisdelahume.fr\/index.php\/2024-2\/\" \/>\n<meta property=\"og:site_name\" content=\"Les Amis de la Hume\" \/>\n<meta property=\"article:modified_time\" content=\"2025-03-04T15:38:15+00:00\" \/>\n<meta property=\"og:image\" content=\"https:\/\/lesamisdelahume.fr\/wp-content\/uploads\/2024\/05\/1DBD19B3-85AE-43CF-B40F-29C7C29F843C-1024x724.jpeg\" \/>\n<meta name=\"twitter:card\" content=\"summary_large_image\" \/>\n<meta name=\"twitter:label1\" content=\"Dur\u00e9e de lecture estim\u00e9e\" \/>\n\t<meta name=\"twitter:data1\" content=\"3 minutes\" \/>\n<script type=\"application\/ld+json\" class=\"yoast-schema-graph\">{\"@context\":\"https:\/\/schema.org\",\"@graph\":[{\"@type\":\"WebPage\",\"@id\":\"https:\/\/lesamisdelahume.fr\/index.php\/2024-2\/\",\"url\":\"https:\/\/lesamisdelahume.fr\/index.php\/2024-2\/\",\"name\":\"2024 - Les Amis de la Hume\",\"isPartOf\":{\"@id\":\"http:\/\/lesamisdelahume.fr\/#website\"},\"primaryImageOfPage\":{\"@id\":\"https:\/\/lesamisdelahume.fr\/index.php\/2024-2\/#primaryimage\"},\"image\":{\"@id\":\"https:\/\/lesamisdelahume.fr\/index.php\/2024-2\/#primaryimage\"},\"thumbnailUrl\":\"https:\/\/lesamisdelahume.fr\/wp-content\/uploads\/2024\/05\/1DBD19B3-85AE-43CF-B40F-29C7C29F843C-1024x724.jpeg\",\"datePublished\":\"2023-11-02T19:26:17+00:00\",\"dateModified\":\"2025-03-04T15:38:15+00:00\",\"breadcrumb\":{\"@id\":\"https:\/\/lesamisdelahume.fr\/index.php\/2024-2\/#breadcrumb\"},\"inLanguage\":\"fr-FR\",\"potentialAction\":[{\"@type\":\"ReadAction\",\"target\":[\"https:\/\/lesamisdelahume.fr\/index.php\/2024-2\/\"]}]},{\"@type\":\"ImageObject\",\"inLanguage\":\"fr-FR\",\"@id\":\"https:\/\/lesamisdelahume.fr\/index.php\/2024-2\/#primaryimage\",\"url\":\"https:\/\/lesamisdelahume.fr\/wp-content\/uploads\/2024\/05\/1DBD19B3-85AE-43CF-B40F-29C7C29F843C-scaled.jpeg\",\"contentUrl\":\"https:\/\/lesamisdelahume.fr\/wp-content\/uploads\/2024\/05\/1DBD19B3-85AE-43CF-B40F-29C7C29F843C-scaled.jpeg\",\"width\":2560,\"height\":1810},{\"@type\":\"BreadcrumbList\",\"@id\":\"https:\/\/lesamisdelahume.fr\/index.php\/2024-2\/#breadcrumb\",\"itemListElement\":[{\"@type\":\"ListItem\",\"position\":1,\"name\":\"Accueil\",\"item\":\"https:\/\/lesamisdelahume.fr\/\"},{\"@type\":\"ListItem\",\"position\":2,\"name\":\"2024\"}]},{\"@type\":\"WebSite\",\"@id\":\"http:\/\/lesamisdelahume.fr\/#website\",\"url\":\"http:\/\/lesamisdelahume.fr\/\",\"name\":\"Les Amis de la Hume\",\"description\":\"Association loi 1901\",\"potentialAction\":[{\"@type\":\"SearchAction\",\"target\":{\"@type\":\"EntryPoint\",\"urlTemplate\":\"http:\/\/lesamisdelahume.fr\/?s={search_term_string}\"},\"query-input\":{\"@type\":\"PropertyValueSpecification\",\"valueRequired\":true,\"valueName\":\"search_term_string\"}}],\"inLanguage\":\"fr-FR\"}]}<\/script>\n<!-- \/ Yoast SEO plugin. -->","yoast_head_json":{"title":"2024 - Les Amis de la Hume","robots":{"index":"index","follow":"follow","max-snippet":"max-snippet:-1","max-image-preview":"max-image-preview:large","max-video-preview":"max-video-preview:-1"},"canonical":"https:\/\/lesamisdelahume.fr\/index.php\/2024-2\/","og_locale":"fr_FR","og_type":"article","og_title":"2024 - Les Amis de la Hume","og_description":"Les manifestations en 2024\u00a0 Samedi 27 janvier 2024&nbsp;: la galette \u00e0 la Maison des associations. Samedi 10 f\u00e9vrier 2024&nbsp;:&nbsp;sortie au Mirage \u00e0 Mesos. Samedi 2 mars 2024&nbsp;:&nbsp;Assembl\u00e9e G\u00e9n\u00e9rale \u00e0 la Maison des associations. Dimanche 28 avril&nbsp;2024&nbsp;:&nbsp;sortie \u00e0 l\u2019Amazonie Landaise (courant de Huchet) \u00e0 Moliets. Samedi&nbsp;6 juillet&nbsp;2024&nbsp;:&nbsp;sardinade Dimanche 14 juillet&nbsp;2024&nbsp;:&nbsp;course p\u00e9destre au parc de La Ch\u00eaneraie &hellip; Continuer la lecture de &laquo;&nbsp;2024&nbsp;&raquo;","og_url":"https:\/\/lesamisdelahume.fr\/index.php\/2024-2\/","og_site_name":"Les Amis de la Hume","article_modified_time":"2025-03-04T15:38:15+00:00","og_image":[{"url":"https:\/\/lesamisdelahume.fr\/wp-content\/uploads\/2024\/05\/1DBD19B3-85AE-43CF-B40F-29C7C29F843C-1024x724.jpeg","type":"","width":"","height":""}],"twitter_card":"summary_large_image","twitter_misc":{"Dur\u00e9e de lecture estim\u00e9e":"3 minutes"},"schema":{"@context":"https:\/\/schema.org","@graph":[{"@type":"WebPage","@id":"https:\/\/lesamisdelahume.fr\/index.php\/2024-2\/","url":"https:\/\/lesamisdelahume.fr\/index.php\/2024-2\/","name":"2024 - Les Amis de la Hume","isPartOf":{"@id":"http:\/\/lesamisdelahume.fr\/#website"},"primaryImageOfPage":{"@id":"https:\/\/lesamisdelahume.fr\/index.php\/2024-2\/#primaryimage"},"image":{"@id":"https:\/\/lesamisdelahume.fr\/index.php\/2024-2\/#primaryimage"},"thumbnailUrl":"https:\/\/lesamisdelahume.fr\/wp-content\/uploads\/2024\/05\/1DBD19B3-85AE-43CF-B40F-29C7C29F843C-1024x724.jpeg","datePublished":"2023-11-02T19:26:17+00:00","dateModified":"2025-03-04T15:38:15+00:00","breadcrumb":{"@id":"https:\/\/lesamisdelahume.fr\/index.php\/2024-2\/#breadcrumb"},"inLanguage":"fr-FR","potentialAction":[{"@type":"ReadAction","target":["https:\/\/lesamisdelahume.fr\/index.php\/2024-2\/"]}]},{"@type":"ImageObject","inLanguage":"fr-FR","@id":"https:\/\/lesamisdelahume.fr\/index.php\/2024-2\/#primaryimage","url":"https:\/\/lesamisdelahume.fr\/wp-content\/uploads\/2024\/05\/1DBD19B3-85AE-43CF-B40F-29C7C29F843C-scaled.jpeg","contentUrl":"https:\/\/lesamisdelahume.fr\/wp-content\/uploads\/2024\/05\/1DBD19B3-85AE-43CF-B40F-29C7C29F843C-scaled.jpeg","width":2560,"height":1810},{"@type":"BreadcrumbList","@id":"https:\/\/lesamisdelahume.fr\/index.php\/2024-2\/#breadcrumb","itemListElement":[{"@type":"ListItem","position":1,"name":"Accueil","item":"https:\/\/lesamisdelahume.fr\/"},{"@type":"ListItem","position":2,"name":"2024"}]},{"@type":"WebSite","@id":"http:\/\/lesamisdelahume.fr\/#website","url":"http:\/\/lesamisdelahume.fr\/","name":"Les Amis de la Hume","description":"Association loi 1901","potentialAction":[{"@type":"SearchAction","target":{"@type":"EntryPoint","urlTemplate":"http:\/\/lesamisdelahume.fr\/?s={search_term_string}"},"query-input":{"@type":"PropertyValueSpecification","valueRequired":true,"valueName":"search_term_string"}}],"inLanguage":"fr-FR"}]}},"_links":{"self":[{"href":"https:\/\/lesamisdelahume.fr\/index.php\/wp-json\/wp\/v2\/pages\/691","targetHints":{"allow":["GET"]}}],"collection":[{"href":"https:\/\/lesamisdelahume.fr\/index.php\/wp-json\/wp\/v2\/pages"}],"about":[{"href":"https:\/\/lesamisdelahume.fr\/index.php\/wp-json\/wp\/v2\/types\/page"}],"author":[{"embeddable":true,"href":"https:\/\/lesamisdelahume.fr\/index.php\/wp-json\/wp\/v2\/users\/4"}],"replies":[{"embeddable":true,"href":"https:\/\/lesamisdelahume.fr\/index.php\/wp-json\/wp\/v2\/comments?post=691"}],"version-history":[{"count":13,"href":"https:\/\/lesamisdelahume.fr\/index.php\/wp-json\/wp\/v2\/pages\/691\/revisions"}],"predecessor-version":[{"id":954,"href":"https:\/\/lesamisdelahume.fr\/index.php\/wp-json\/wp\/v2\/pages\/691\/revisions\/954"}],"wp:attachment":[{"href":"https:\/\/lesamisdelahume.fr\/index.php\/wp-json\/wp\/v2\/media?parent=691"}],"curies":[{"name":"wp","href":"https:\/\/api.w.org\/{rel}","templated":true}]}}