{"id":705,"date":"2023-12-15T16:49:22","date_gmt":"2023-12-15T15:49:22","guid":{"rendered":"http:\/\/lesamisdelahume.fr\/?page_id=705"},"modified":"2025-03-23T18:39:24","modified_gmt":"2025-03-23T17:39:24","slug":"2024-3","status":"publish","type":"page","link":"https:\/\/lesamisdelahume.fr\/index.php\/2024-3\/","title":{"rendered":"Ann\u00e9e 2024"},"content":{"rendered":"\n<p><strong>Les Tricoteuses se r\u00e9unissent<\/strong><\/p>\n\n\n\n<figure class=\"wp-block-image size-large\"><img loading=\"lazy\" decoding=\"async\" width=\"1024\" height=\"768\" src=\"https:\/\/lesamisdelahume.fr\/wp-content\/uploads\/2024\/09\/IMG_3418-1024x768.jpg\" alt=\"\" class=\"wp-image-842\" srcset=\"https:\/\/lesamisdelahume.fr\/wp-content\/uploads\/2024\/09\/IMG_3418-1024x768.jpg 1024w, https:\/\/lesamisdelahume.fr\/wp-content\/uploads\/2024\/09\/IMG_3418-300x225.jpg 300w, https:\/\/lesamisdelahume.fr\/wp-content\/uploads\/2024\/09\/IMG_3418-768x576.jpg 768w, https:\/\/lesamisdelahume.fr\/wp-content\/uploads\/2024\/09\/IMG_3418-1536x1152.jpg 1536w, https:\/\/lesamisdelahume.fr\/wp-content\/uploads\/2024\/09\/IMG_3418-2048x1536.jpg 2048w\" sizes=\"auto, (max-width: 767px) 89vw, (max-width: 1000px) 54vw, (max-width: 1071px) 543px, 580px\" \/><\/figure>\n\n\n\n<p>Retrouvez d&rsquo;autres photos ci-dessous :<\/p>\n\n\n\n<div class=\"wp-block-buttons is-layout-flex wp-block-buttons-is-layout-flex\">\n<div class=\"wp-block-button\"><a class=\"wp-block-button__link wp-element-button\" href=\"https:\/\/drive.google.com\/drive\/folders\/1Vt7YAlJPvmXFNN5V37MkjLwNiTjyAj_p?usp=sharing\">Cliquez ici pour voir les photos<\/a><\/div>\n<\/div>\n\n\n\n<p><\/p>\n\n\n\n<p><strong>Passation de pouvoir de la Pr\u00e9sidence de l&rsquo;Association<\/strong><\/p>\n\n\n\n<p>Jean Pierre PETIT passe la main \u00e0 Dominique PAIGNANT<\/p>\n\n\n\n<figure class=\"wp-block-image size-full\"><img loading=\"lazy\" decoding=\"async\" width=\"1000\" height=\"500\" src=\"http:\/\/lesamisdelahume.fr\/wp-content\/uploads\/2025\/03\/bassindarcachon-9be57c8fd1ed4404a9f1ddbf248ae9a7-144615-ph0.jpg\" alt=\"\" class=\"wp-image-1094\" srcset=\"https:\/\/lesamisdelahume.fr\/wp-content\/uploads\/2025\/03\/bassindarcachon-9be57c8fd1ed4404a9f1ddbf248ae9a7-144615-ph0.jpg 1000w, https:\/\/lesamisdelahume.fr\/wp-content\/uploads\/2025\/03\/bassindarcachon-9be57c8fd1ed4404a9f1ddbf248ae9a7-144615-ph0-300x150.jpg 300w, https:\/\/lesamisdelahume.fr\/wp-content\/uploads\/2025\/03\/bassindarcachon-9be57c8fd1ed4404a9f1ddbf248ae9a7-144615-ph0-768x384.jpg 768w\" sizes=\"auto, (max-width: 767px) 89vw, (max-width: 1000px) 54vw, (max-width: 1071px) 543px, 580px\" \/><figcaption class=\"wp-element-caption\">Dominique Paignant (\u00e0 g) avec son pr\u00e9d\u00e9cesseur Jean-Pierre Petit. Photo Jacky Donzeaud<\/figcaption><\/figure>\n\n\n\n<p><strong>Sardinade du 6 juillet <\/strong><\/p>\n\n\n\n<p>Les Amis de la Hume ont lanc\u00e9 les animations de l&rsquo;\u00e9t\u00e9, retrouvez la pr\u00e9paration et la tr\u00e8s belle soir\u00e9e en image et en vid\u00e9o !<\/p>\n\n\n\n<figure class=\"wp-block-image size-full\"><img loading=\"lazy\" decoding=\"async\" width=\"480\" height=\"640\" src=\"https:\/\/lesamisdelahume.fr\/wp-content\/uploads\/2024\/09\/IMG_3271-rotated.jpg\" alt=\"\" class=\"wp-image-847\" srcset=\"https:\/\/lesamisdelahume.fr\/wp-content\/uploads\/2024\/09\/IMG_3271-rotated.jpg 480w, https:\/\/lesamisdelahume.fr\/wp-content\/uploads\/2024\/09\/IMG_3271-225x300.jpg 225w\" sizes=\"auto, (max-width: 480px) 100vw, 480px\" \/><\/figure>\n\n\n\n<div class=\"wp-block-buttons is-layout-flex wp-block-buttons-is-layout-flex\">\n<div class=\"wp-block-button\"><a class=\"wp-block-button__link wp-element-button\" href=\"https:\/\/drive.google.com\/drive\/folders\/1Kvca1x9bYHtKqyst-yI-NKFE2s77PdCe?usp=sharing\">Cliquez ici pour les photos et vid\u00e9os<\/a><\/div>\n<\/div>\n\n\n\n<p><\/p>\n\n\n\n<p><strong>Sortie du Huchet le 28 avril <\/strong><\/p>\n\n\n\n<p>Le soleil nous a accompagn\u00e9 pour cette tr\u00e8s belle sortie conviviale et gourmande.<\/p>\n\n\n\n<div class=\"wp-block-buttons is-layout-flex wp-block-buttons-is-layout-flex\">\n<div class=\"wp-block-button\"><a class=\"wp-block-button__link wp-element-button\" href=\"https:\/\/drive.google.com\/drive\/folders\/1aTG09n4YIjqg7ELrPEc2djw-JLJhZCuE?usp=sharing\">Cliquez ici pour voir les photos<\/a><\/div>\n<\/div>\n","protected":false},"excerpt":{"rendered":"<p>Les Tricoteuses se r\u00e9unissent Retrouvez d&rsquo;autres photos ci-dessous : Passation de pouvoir de la Pr\u00e9sidence de l&rsquo;Association Jean Pierre PETIT passe la main \u00e0 Dominique PAIGNANT Sardinade du 6 juillet Les Amis de la Hume ont lanc\u00e9 les animations de l&rsquo;\u00e9t\u00e9, retrouvez la pr\u00e9paration et la tr\u00e8s belle soir\u00e9e en image et en vid\u00e9o ! &hellip; <\/p>\n<p class=\"link-more\"><a href=\"https:\/\/lesamisdelahume.fr\/index.php\/2024-3\/\" class=\"more-link\">Continuer la lecture<span class=\"screen-reader-text\"> de &laquo;&nbsp;Ann\u00e9e 2024&nbsp;&raquo;<\/span><\/a><\/p>\n","protected":false},"author":5,"featured_media":0,"parent":0,"menu_order":0,"comment_status":"closed","ping_status":"closed","template":"","meta":{"footnotes":""},"class_list":["post-705","page","type-page","status-publish","hentry"],"yoast_head":"<!-- This site is optimized with the Yoast SEO plugin v27.0 - https:\/\/yoast.com\/product\/yoast-seo-wordpress\/ -->\n<title>Ann\u00e9e 2024 - Les Amis de la Hume<\/title>\n<meta name=\"robots\" content=\"index, follow, max-snippet:-1, max-image-preview:large, max-video-preview:-1\" \/>\n<link rel=\"canonical\" href=\"http:\/\/lesamisdelahume.fr\/index.php\/2024-3\/\" \/>\n<meta property=\"og:locale\" content=\"fr_FR\" \/>\n<meta property=\"og:type\" content=\"article\" \/>\n<meta property=\"og:title\" content=\"Ann\u00e9e 2024 - Les Amis de la Hume\" \/>\n<meta property=\"og:description\" content=\"Les Tricoteuses se r\u00e9unissent Retrouvez d&rsquo;autres photos ci-dessous : Passation de pouvoir de la Pr\u00e9sidence de l&rsquo;Association Jean Pierre PETIT passe la main \u00e0 Dominique PAIGNANT Sardinade du 6 juillet Les Amis de la Hume ont lanc\u00e9 les animations de l&rsquo;\u00e9t\u00e9, retrouvez la pr\u00e9paration et la tr\u00e8s belle soir\u00e9e en image et en vid\u00e9o ! &hellip; Continuer la lecture de &laquo;&nbsp;Ann\u00e9e 2024&nbsp;&raquo;\" \/>\n<meta property=\"og:url\" content=\"http:\/\/lesamisdelahume.fr\/index.php\/2024-3\/\" \/>\n<meta property=\"og:site_name\" content=\"Les Amis de la Hume\" \/>\n<meta property=\"article:modified_time\" content=\"2025-03-23T17:39:24+00:00\" \/>\n<meta property=\"og:image\" content=\"https:\/\/lesamisdelahume.fr\/wp-content\/uploads\/2024\/09\/IMG_3418-1024x768.jpg\" \/>\n<meta name=\"twitter:card\" content=\"summary_large_image\" \/>\n<meta name=\"twitter:label1\" content=\"Dur\u00e9e de lecture estim\u00e9e\" \/>\n\t<meta name=\"twitter:data1\" content=\"2 minutes\" \/>\n<script type=\"application\/ld+json\" class=\"yoast-schema-graph\">{\"@context\":\"https:\/\/schema.org\",\"@graph\":[{\"@type\":\"WebPage\",\"@id\":\"http:\/\/lesamisdelahume.fr\/index.php\/2024-3\/\",\"url\":\"http:\/\/lesamisdelahume.fr\/index.php\/2024-3\/\",\"name\":\"Ann\u00e9e 2024 - Les Amis de la Hume\",\"isPartOf\":{\"@id\":\"http:\/\/lesamisdelahume.fr\/#website\"},\"primaryImageOfPage\":{\"@id\":\"http:\/\/lesamisdelahume.fr\/index.php\/2024-3\/#primaryimage\"},\"image\":{\"@id\":\"http:\/\/lesamisdelahume.fr\/index.php\/2024-3\/#primaryimage\"},\"thumbnailUrl\":\"https:\/\/lesamisdelahume.fr\/wp-content\/uploads\/2024\/09\/IMG_3418-1024x768.jpg\",\"datePublished\":\"2023-12-15T15:49:22+00:00\",\"dateModified\":\"2025-03-23T17:39:24+00:00\",\"breadcrumb\":{\"@id\":\"http:\/\/lesamisdelahume.fr\/index.php\/2024-3\/#breadcrumb\"},\"inLanguage\":\"fr-FR\",\"potentialAction\":[{\"@type\":\"ReadAction\",\"target\":[\"http:\/\/lesamisdelahume.fr\/index.php\/2024-3\/\"]}]},{\"@type\":\"ImageObject\",\"inLanguage\":\"fr-FR\",\"@id\":\"http:\/\/lesamisdelahume.fr\/index.php\/2024-3\/#primaryimage\",\"url\":\"https:\/\/lesamisdelahume.fr\/wp-content\/uploads\/2024\/09\/IMG_3418-scaled.jpg\",\"contentUrl\":\"https:\/\/lesamisdelahume.fr\/wp-content\/uploads\/2024\/09\/IMG_3418-scaled.jpg\",\"width\":2560,\"height\":1920},{\"@type\":\"BreadcrumbList\",\"@id\":\"http:\/\/lesamisdelahume.fr\/index.php\/2024-3\/#breadcrumb\",\"itemListElement\":[{\"@type\":\"ListItem\",\"position\":1,\"name\":\"Accueil\",\"item\":\"https:\/\/lesamisdelahume.fr\/\"},{\"@type\":\"ListItem\",\"position\":2,\"name\":\"Ann\u00e9e 2024\"}]},{\"@type\":\"WebSite\",\"@id\":\"http:\/\/lesamisdelahume.fr\/#website\",\"url\":\"http:\/\/lesamisdelahume.fr\/\",\"name\":\"Les Amis de la Hume\",\"description\":\"Association loi 1901\",\"potentialAction\":[{\"@type\":\"SearchAction\",\"target\":{\"@type\":\"EntryPoint\",\"urlTemplate\":\"http:\/\/lesamisdelahume.fr\/?s={search_term_string}\"},\"query-input\":{\"@type\":\"PropertyValueSpecification\",\"valueRequired\":true,\"valueName\":\"search_term_string\"}}],\"inLanguage\":\"fr-FR\"}]}<\/script>\n<!-- \/ Yoast SEO plugin. -->","yoast_head_json":{"title":"Ann\u00e9e 2024 - Les Amis de la Hume","robots":{"index":"index","follow":"follow","max-snippet":"max-snippet:-1","max-image-preview":"max-image-preview:large","max-video-preview":"max-video-preview:-1"},"canonical":"http:\/\/lesamisdelahume.fr\/index.php\/2024-3\/","og_locale":"fr_FR","og_type":"article","og_title":"Ann\u00e9e 2024 - Les Amis de la Hume","og_description":"Les Tricoteuses se r\u00e9unissent Retrouvez d&rsquo;autres photos ci-dessous : Passation de pouvoir de la Pr\u00e9sidence de l&rsquo;Association Jean Pierre PETIT passe la main \u00e0 Dominique PAIGNANT Sardinade du 6 juillet Les Amis de la Hume ont lanc\u00e9 les animations de l&rsquo;\u00e9t\u00e9, retrouvez la pr\u00e9paration et la tr\u00e8s belle soir\u00e9e en image et en vid\u00e9o ! &hellip; Continuer la lecture de &laquo;&nbsp;Ann\u00e9e 2024&nbsp;&raquo;","og_url":"http:\/\/lesamisdelahume.fr\/index.php\/2024-3\/","og_site_name":"Les Amis de la Hume","article_modified_time":"2025-03-23T17:39:24+00:00","og_image":[{"url":"https:\/\/lesamisdelahume.fr\/wp-content\/uploads\/2024\/09\/IMG_3418-1024x768.jpg","type":"","width":"","height":""}],"twitter_card":"summary_large_image","twitter_misc":{"Dur\u00e9e de lecture estim\u00e9e":"2 minutes"},"schema":{"@context":"https:\/\/schema.org","@graph":[{"@type":"WebPage","@id":"http:\/\/lesamisdelahume.fr\/index.php\/2024-3\/","url":"http:\/\/lesamisdelahume.fr\/index.php\/2024-3\/","name":"Ann\u00e9e 2024 - Les Amis de la Hume","isPartOf":{"@id":"http:\/\/lesamisdelahume.fr\/#website"},"primaryImageOfPage":{"@id":"http:\/\/lesamisdelahume.fr\/index.php\/2024-3\/#primaryimage"},"image":{"@id":"http:\/\/lesamisdelahume.fr\/index.php\/2024-3\/#primaryimage"},"thumbnailUrl":"https:\/\/lesamisdelahume.fr\/wp-content\/uploads\/2024\/09\/IMG_3418-1024x768.jpg","datePublished":"2023-12-15T15:49:22+00:00","dateModified":"2025-03-23T17:39:24+00:00","breadcrumb":{"@id":"http:\/\/lesamisdelahume.fr\/index.php\/2024-3\/#breadcrumb"},"inLanguage":"fr-FR","potentialAction":[{"@type":"ReadAction","target":["http:\/\/lesamisdelahume.fr\/index.php\/2024-3\/"]}]},{"@type":"ImageObject","inLanguage":"fr-FR","@id":"http:\/\/lesamisdelahume.fr\/index.php\/2024-3\/#primaryimage","url":"https:\/\/lesamisdelahume.fr\/wp-content\/uploads\/2024\/09\/IMG_3418-scaled.jpg","contentUrl":"https:\/\/lesamisdelahume.fr\/wp-content\/uploads\/2024\/09\/IMG_3418-scaled.jpg","width":2560,"height":1920},{"@type":"BreadcrumbList","@id":"http:\/\/lesamisdelahume.fr\/index.php\/2024-3\/#breadcrumb","itemListElement":[{"@type":"ListItem","position":1,"name":"Accueil","item":"https:\/\/lesamisdelahume.fr\/"},{"@type":"ListItem","position":2,"name":"Ann\u00e9e 2024"}]},{"@type":"WebSite","@id":"http:\/\/lesamisdelahume.fr\/#website","url":"http:\/\/lesamisdelahume.fr\/","name":"Les Amis de la Hume","description":"Association loi 1901","potentialAction":[{"@type":"SearchAction","target":{"@type":"EntryPoint","urlTemplate":"http:\/\/lesamisdelahume.fr\/?s={search_term_string}"},"query-input":{"@type":"PropertyValueSpecification","valueRequired":true,"valueName":"search_term_string"}}],"inLanguage":"fr-FR"}]}},"_links":{"self":[{"href":"https:\/\/lesamisdelahume.fr\/index.php\/wp-json\/wp\/v2\/pages\/705","targetHints":{"allow":["GET"]}}],"collection":[{"href":"https:\/\/lesamisdelahume.fr\/index.php\/wp-json\/wp\/v2\/pages"}],"about":[{"href":"https:\/\/lesamisdelahume.fr\/index.php\/wp-json\/wp\/v2\/types\/page"}],"author":[{"embeddable":true,"href":"https:\/\/lesamisdelahume.fr\/index.php\/wp-json\/wp\/v2\/users\/5"}],"replies":[{"embeddable":true,"href":"https:\/\/lesamisdelahume.fr\/index.php\/wp-json\/wp\/v2\/comments?post=705"}],"version-history":[{"count":20,"href":"https:\/\/lesamisdelahume.fr\/index.php\/wp-json\/wp\/v2\/pages\/705\/revisions"}],"predecessor-version":[{"id":1098,"href":"https:\/\/lesamisdelahume.fr\/index.php\/wp-json\/wp\/v2\/pages\/705\/revisions\/1098"}],"wp:attachment":[{"href":"https:\/\/lesamisdelahume.fr\/index.php\/wp-json\/wp\/v2\/media?parent=705"}],"curies":[{"name":"wp","href":"https:\/\/api.w.org\/{rel}","templated":true}]}}