{"id":71,"date":"2021-05-16T17:22:18","date_gmt":"2021-05-16T15:22:18","guid":{"rendered":"http:\/\/lesamisdelahume.fr\/?page_id=71"},"modified":"2025-06-09T16:20:27","modified_gmt":"2025-06-09T14:20:27","slug":"historique","status":"publish","type":"page","link":"https:\/\/lesamisdelahume.fr\/index.php\/historique\/","title":{"rendered":"Son histoire"},"content":{"rendered":"\n<h1 class=\"wp-block-heading\">La cr\u00e9ation en 1927<\/h1>\n\n\n\n<p>Avec l\u2019arriv\u00e9e des premiers estivants, M. Lestrade cr\u00e9e le&nbsp;<strong>15 juillet 1927<\/strong>&nbsp;le Syndicat d\u2019Initiative de la Hume-Meyran, faisant de la Hume le quartier touristique de Gujan.<br>Le but de l\u2019association \u00e9tait la promotion touristique de la Hume par la cr\u00e9ation et l\u2019organisation de f\u00eates, bals et autres divertissements, mais aussi servir d\u2019interm\u00e9diaire entre les habitants de La Hume, Meyran et la Mairie. Outre le nettoyage de la Plage et de certains secteurs l\u2019une des premi\u00e8res actions du Syndicat fut la d\u00e9nomination des art\u00e8res de La Hume.<\/p>\n\n\n\n<h1 class=\"wp-block-heading\">De 1927 \u00e0 2024<\/h1>\n\n\n\n<p>Afin de servir au mieux le d\u00e9veloppement touristique de La Hume et de Gujan-Mestras,&nbsp; l\u2019association et ses pr\u00e9sidents se sont renouvel\u00e9s:<\/p>\n\n\n\n<ul class=\"wp-block-list\">\n<li>1927-1941 : M. LESTRADE (premier Pr\u00e9sident du Syndicat, deuxi\u00e8me en bas \u00e0 droite sur la photo)<\/li>\n\n\n\n<li>1944-1958 : M. SALIER<\/li>\n\n\n\n<li>1958-1966 : M. LOUBINAUD<\/li>\n\n\n\n<li>1966-1968 : M. QUESNEL (L\u2019association se renomme \u00ab&nbsp;Syndicat d\u2019Initiative de La Hume Meyran \u2013 Office de Tourisme de Gujan-Mestras&nbsp;\u00bb)<\/li>\n\n\n\n<li>1968-1969 : M. BARRELIER<\/li>\n\n\n\n<li>1969-1971 : M. CORTHIER<\/li>\n\n\n\n<li>1971-1987 : M. CASTANDET (L\u2019association devient en 1976 le \u00ab&nbsp;Syndicat d\u2019Initiative Office de Tourisme de Gujan-Mestras&nbsp;\u00bb)<\/li>\n\n\n\n<li>1987-1995 : M. BEZIAN<\/li>\n\n\n\n<li>1995-2000 : M. GOUSBIER (L\u2019association prend la d\u00e9nomination d\u2019Office de Tourisme de Gujan-Mestras)<\/li>\n\n\n\n<li>2000-2001 : M. MALLIE<\/li>\n\n\n\n<li>2001-2002 : M. BERNEDE<\/li>\n\n\n\n<li>2002-2003 : Mme LHOMME<\/li>\n\n\n\n<li>2005-2013 : M. GOUSBIER<\/li>\n\n\n\n<li>2013-2024 : M. PETIT<\/li>\n<\/ul>\n\n\n\n<h1 class=\"wp-block-heading\">2005 cr\u00e9ation des Amis de La Hume<\/h1>\n\n\n\n<p>L\u2019Office de Tourisme de Gujan-Mestras fonctionnait sous forme d\u2019<strong>association<\/strong>&nbsp;(Loi de 1901), ses derniers statuts ayant \u00e9t\u00e9 adopt\u00e9s et d\u00e9clar\u00e9s en pr\u00e9fecture en 1995.<br>Ces statuts pr\u00e9cisaient que cette association devait assumer les missions d\u2019un Office de Tourisme mais \u00e9galement pouvait&nbsp;<strong>\u00ab&nbsp;organiser ou participer \u00e0 des festivit\u00e9s et animations sur le territoire de la commune&nbsp;\u00bb<\/strong>.<br>Par d\u00e9lib\u00e9ration en date du&nbsp;<strong>24 novembre 2005<\/strong>, la Ville de GUJAN-MESTRAS a d\u00e9cid\u00e9 de cr\u00e9er une structure municipale destin\u00e9e \u00e0 intervenir dans le secteur du tourisme dans le but de s\u2019inscrire dans une d\u00e9marche identitaire forte, de renforcer les liens avec les professionnels et de coordonner de mani\u00e8re efficace l\u2019ensemble des moyens d\u00e9volus \u00e0 la politique touristique.<br>Ainsi, un&nbsp;<strong>EPIC tourisme<\/strong>&nbsp;reprend l\u2019ensemble des activit\u00e9s de l\u2019Office de Tourisme associatif et est charg\u00e9 par le Conseil Municipal de l\u2019\u00e9laboration et de la mise en \u0153uvre de la politique du tourisme au plan communal et des programmes locaux de d\u00e9veloppement touristique<br>C\u2019est pourquoi, le conseil d\u2019administration de l\u2019association \u00ab&nbsp;Office de Tourisme de Gujan-Mestras&nbsp;\u00bb a d\u00e9cid\u00e9 dans sa&nbsp;<strong>r\u00e9union du 22 septembre 2006<\/strong>&nbsp;de proposer \u00e0 l\u2019occasion d\u2019une assembl\u00e9e g\u00e9n\u00e9rale extraordinaire de l\u2019association, la modification de l\u2019intitul\u00e9 de l\u2019association et de ses statuts.<br>C\u2019est ainsi que l\u2019association s\u2019appelle maintenant&nbsp;<strong>\u00ab&nbsp;Les Amis de La Hume&nbsp;\u00bb<\/strong>&nbsp;et elle continue d\u2019animer le quartier.<\/p>\n\n\n\n<p><strong>Depuis 2005, ses pr\u00e9sidents:<\/strong><\/p>\n\n\n\n<ul class=\"wp-block-list\">\n<li>2005-2013 : M. Michel GOUSBIER<\/li>\n\n\n\n<li>2013-2024 : M. Jean-Pierre PETIT<\/li>\n\n\n\n<li>2024 &#8211;    &#8230;    : M. Dominique PAIGNANT<\/li>\n<\/ul>\n","protected":false},"excerpt":{"rendered":"<p>La cr\u00e9ation en 1927 Avec l\u2019arriv\u00e9e des premiers estivants, M. Lestrade cr\u00e9e le&nbsp;15 juillet 1927&nbsp;le Syndicat d\u2019Initiative de la Hume-Meyran, faisant de la Hume le quartier touristique de Gujan.Le but de l\u2019association \u00e9tait la promotion touristique de la Hume par la cr\u00e9ation et l\u2019organisation de f\u00eates, bals et autres divertissements, mais aussi servir d\u2019interm\u00e9diaire entre &hellip; <\/p>\n<p class=\"link-more\"><a href=\"https:\/\/lesamisdelahume.fr\/index.php\/historique\/\" class=\"more-link\">Continuer la lecture<span class=\"screen-reader-text\"> de &laquo;&nbsp;Son histoire&nbsp;&raquo;<\/span><\/a><\/p>\n","protected":false},"author":4,"featured_media":112,"parent":0,"menu_order":0,"comment_status":"closed","ping_status":"closed","template":"","meta":{"footnotes":""},"class_list":["post-71","page","type-page","status-publish","has-post-thumbnail","hentry"],"yoast_head":"<!-- This site is optimized with the Yoast SEO plugin v27.0 - https:\/\/yoast.com\/product\/yoast-seo-wordpress\/ -->\n<title>Son histoire - Les Amis de la Hume<\/title>\n<meta name=\"robots\" content=\"index, follow, max-snippet:-1, max-image-preview:large, max-video-preview:-1\" \/>\n<link rel=\"canonical\" href=\"https:\/\/lesamisdelahume.fr\/index.php\/historique\/\" \/>\n<meta property=\"og:locale\" content=\"fr_FR\" \/>\n<meta property=\"og:type\" content=\"article\" \/>\n<meta property=\"og:title\" content=\"Son histoire - Les Amis de la Hume\" \/>\n<meta property=\"og:description\" content=\"La cr\u00e9ation en 1927 Avec l\u2019arriv\u00e9e des premiers estivants, M. Lestrade cr\u00e9e le&nbsp;15 juillet 1927&nbsp;le Syndicat d\u2019Initiative de la Hume-Meyran, faisant de la Hume le quartier touristique de Gujan.Le but de l\u2019association \u00e9tait la promotion touristique de la Hume par la cr\u00e9ation et l\u2019organisation de f\u00eates, bals et autres divertissements, mais aussi servir d\u2019interm\u00e9diaire entre &hellip; Continuer la lecture de &laquo;&nbsp;Son histoire&nbsp;&raquo;\" \/>\n<meta property=\"og:url\" content=\"https:\/\/lesamisdelahume.fr\/index.php\/historique\/\" \/>\n<meta property=\"og:site_name\" content=\"Les Amis de la Hume\" \/>\n<meta property=\"article:modified_time\" content=\"2025-06-09T14:20:27+00:00\" \/>\n<meta property=\"og:image\" content=\"https:\/\/lesamisdelahume.fr\/wp-content\/uploads\/2021\/05\/IMG_8940-scaled.jpg\" \/>\n\t<meta property=\"og:image:width\" content=\"2560\" \/>\n\t<meta property=\"og:image:height\" content=\"1819\" \/>\n\t<meta property=\"og:image:type\" content=\"image\/jpeg\" \/>\n<meta name=\"twitter:card\" content=\"summary_large_image\" \/>\n<meta name=\"twitter:label1\" content=\"Dur\u00e9e de lecture estim\u00e9e\" \/>\n\t<meta name=\"twitter:data1\" content=\"3 minutes\" \/>\n<script type=\"application\/ld+json\" class=\"yoast-schema-graph\">{\"@context\":\"https:\/\/schema.org\",\"@graph\":[{\"@type\":\"WebPage\",\"@id\":\"https:\/\/lesamisdelahume.fr\/index.php\/historique\/\",\"url\":\"https:\/\/lesamisdelahume.fr\/index.php\/historique\/\",\"name\":\"Son histoire - Les Amis de la Hume\",\"isPartOf\":{\"@id\":\"http:\/\/lesamisdelahume.fr\/#website\"},\"primaryImageOfPage\":{\"@id\":\"https:\/\/lesamisdelahume.fr\/index.php\/historique\/#primaryimage\"},\"image\":{\"@id\":\"https:\/\/lesamisdelahume.fr\/index.php\/historique\/#primaryimage\"},\"thumbnailUrl\":\"https:\/\/lesamisdelahume.fr\/wp-content\/uploads\/2021\/05\/IMG_8940-scaled.jpg\",\"datePublished\":\"2021-05-16T15:22:18+00:00\",\"dateModified\":\"2025-06-09T14:20:27+00:00\",\"breadcrumb\":{\"@id\":\"https:\/\/lesamisdelahume.fr\/index.php\/historique\/#breadcrumb\"},\"inLanguage\":\"fr-FR\",\"potentialAction\":[{\"@type\":\"ReadAction\",\"target\":[\"https:\/\/lesamisdelahume.fr\/index.php\/historique\/\"]}]},{\"@type\":\"ImageObject\",\"inLanguage\":\"fr-FR\",\"@id\":\"https:\/\/lesamisdelahume.fr\/index.php\/historique\/#primaryimage\",\"url\":\"https:\/\/lesamisdelahume.fr\/wp-content\/uploads\/2021\/05\/IMG_8940-scaled.jpg\",\"contentUrl\":\"https:\/\/lesamisdelahume.fr\/wp-content\/uploads\/2021\/05\/IMG_8940-scaled.jpg\",\"width\":2560,\"height\":1819},{\"@type\":\"BreadcrumbList\",\"@id\":\"https:\/\/lesamisdelahume.fr\/index.php\/historique\/#breadcrumb\",\"itemListElement\":[{\"@type\":\"ListItem\",\"position\":1,\"name\":\"Accueil\",\"item\":\"https:\/\/lesamisdelahume.fr\/\"},{\"@type\":\"ListItem\",\"position\":2,\"name\":\"Son histoire\"}]},{\"@type\":\"WebSite\",\"@id\":\"http:\/\/lesamisdelahume.fr\/#website\",\"url\":\"http:\/\/lesamisdelahume.fr\/\",\"name\":\"Les Amis de la Hume\",\"description\":\"Association loi 1901\",\"potentialAction\":[{\"@type\":\"SearchAction\",\"target\":{\"@type\":\"EntryPoint\",\"urlTemplate\":\"http:\/\/lesamisdelahume.fr\/?s={search_term_string}\"},\"query-input\":{\"@type\":\"PropertyValueSpecification\",\"valueRequired\":true,\"valueName\":\"search_term_string\"}}],\"inLanguage\":\"fr-FR\"}]}<\/script>\n<!-- \/ Yoast SEO plugin. -->","yoast_head_json":{"title":"Son histoire - Les Amis de la Hume","robots":{"index":"index","follow":"follow","max-snippet":"max-snippet:-1","max-image-preview":"max-image-preview:large","max-video-preview":"max-video-preview:-1"},"canonical":"https:\/\/lesamisdelahume.fr\/index.php\/historique\/","og_locale":"fr_FR","og_type":"article","og_title":"Son histoire - Les Amis de la Hume","og_description":"La cr\u00e9ation en 1927 Avec l\u2019arriv\u00e9e des premiers estivants, M. Lestrade cr\u00e9e le&nbsp;15 juillet 1927&nbsp;le Syndicat d\u2019Initiative de la Hume-Meyran, faisant de la Hume le quartier touristique de Gujan.Le but de l\u2019association \u00e9tait la promotion touristique de la Hume par la cr\u00e9ation et l\u2019organisation de f\u00eates, bals et autres divertissements, mais aussi servir d\u2019interm\u00e9diaire entre &hellip; Continuer la lecture de &laquo;&nbsp;Son histoire&nbsp;&raquo;","og_url":"https:\/\/lesamisdelahume.fr\/index.php\/historique\/","og_site_name":"Les Amis de la Hume","article_modified_time":"2025-06-09T14:20:27+00:00","og_image":[{"width":2560,"height":1819,"url":"https:\/\/lesamisdelahume.fr\/wp-content\/uploads\/2021\/05\/IMG_8940-scaled.jpg","type":"image\/jpeg"}],"twitter_card":"summary_large_image","twitter_misc":{"Dur\u00e9e de lecture estim\u00e9e":"3 minutes"},"schema":{"@context":"https:\/\/schema.org","@graph":[{"@type":"WebPage","@id":"https:\/\/lesamisdelahume.fr\/index.php\/historique\/","url":"https:\/\/lesamisdelahume.fr\/index.php\/historique\/","name":"Son histoire - Les Amis de la Hume","isPartOf":{"@id":"http:\/\/lesamisdelahume.fr\/#website"},"primaryImageOfPage":{"@id":"https:\/\/lesamisdelahume.fr\/index.php\/historique\/#primaryimage"},"image":{"@id":"https:\/\/lesamisdelahume.fr\/index.php\/historique\/#primaryimage"},"thumbnailUrl":"https:\/\/lesamisdelahume.fr\/wp-content\/uploads\/2021\/05\/IMG_8940-scaled.jpg","datePublished":"2021-05-16T15:22:18+00:00","dateModified":"2025-06-09T14:20:27+00:00","breadcrumb":{"@id":"https:\/\/lesamisdelahume.fr\/index.php\/historique\/#breadcrumb"},"inLanguage":"fr-FR","potentialAction":[{"@type":"ReadAction","target":["https:\/\/lesamisdelahume.fr\/index.php\/historique\/"]}]},{"@type":"ImageObject","inLanguage":"fr-FR","@id":"https:\/\/lesamisdelahume.fr\/index.php\/historique\/#primaryimage","url":"https:\/\/lesamisdelahume.fr\/wp-content\/uploads\/2021\/05\/IMG_8940-scaled.jpg","contentUrl":"https:\/\/lesamisdelahume.fr\/wp-content\/uploads\/2021\/05\/IMG_8940-scaled.jpg","width":2560,"height":1819},{"@type":"BreadcrumbList","@id":"https:\/\/lesamisdelahume.fr\/index.php\/historique\/#breadcrumb","itemListElement":[{"@type":"ListItem","position":1,"name":"Accueil","item":"https:\/\/lesamisdelahume.fr\/"},{"@type":"ListItem","position":2,"name":"Son histoire"}]},{"@type":"WebSite","@id":"http:\/\/lesamisdelahume.fr\/#website","url":"http:\/\/lesamisdelahume.fr\/","name":"Les Amis de la Hume","description":"Association loi 1901","potentialAction":[{"@type":"SearchAction","target":{"@type":"EntryPoint","urlTemplate":"http:\/\/lesamisdelahume.fr\/?s={search_term_string}"},"query-input":{"@type":"PropertyValueSpecification","valueRequired":true,"valueName":"search_term_string"}}],"inLanguage":"fr-FR"}]}},"_links":{"self":[{"href":"https:\/\/lesamisdelahume.fr\/index.php\/wp-json\/wp\/v2\/pages\/71","targetHints":{"allow":["GET"]}}],"collection":[{"href":"https:\/\/lesamisdelahume.fr\/index.php\/wp-json\/wp\/v2\/pages"}],"about":[{"href":"https:\/\/lesamisdelahume.fr\/index.php\/wp-json\/wp\/v2\/types\/page"}],"author":[{"embeddable":true,"href":"https:\/\/lesamisdelahume.fr\/index.php\/wp-json\/wp\/v2\/users\/4"}],"replies":[{"embeddable":true,"href":"https:\/\/lesamisdelahume.fr\/index.php\/wp-json\/wp\/v2\/comments?post=71"}],"version-history":[{"count":10,"href":"https:\/\/lesamisdelahume.fr\/index.php\/wp-json\/wp\/v2\/pages\/71\/revisions"}],"predecessor-version":[{"id":1189,"href":"https:\/\/lesamisdelahume.fr\/index.php\/wp-json\/wp\/v2\/pages\/71\/revisions\/1189"}],"wp:featuredmedia":[{"embeddable":true,"href":"https:\/\/lesamisdelahume.fr\/index.php\/wp-json\/wp\/v2\/media\/112"}],"wp:attachment":[{"href":"https:\/\/lesamisdelahume.fr\/index.php\/wp-json\/wp\/v2\/media?parent=71"}],"curies":[{"name":"wp","href":"https:\/\/api.w.org\/{rel}","templated":true}]}}